{"version":"1.0","provider_name":"Euricse","provider_url":"https:\/\/euricse.eu\/it\/","title":"Comunit\u00e0 intraprendenti al Festival Resilienze - Euricse","type":"rich","width":600,"height":338,"html":"<blockquote class=\"wp-embedded-content\" data-secret=\"k1tQMGSkx3\"><a href=\"https:\/\/euricse.eu\/it\/comunita-intraprendenti-al-festival-resilienze\/\">Comunit\u00e0 intraprendenti al Festival Resilienze<\/a><\/blockquote><iframe sandbox=\"allow-scripts\" security=\"restricted\" src=\"https:\/\/euricse.eu\/it\/comunita-intraprendenti-al-festival-resilienze\/embed\/#?secret=k1tQMGSkx3\" width=\"600\" height=\"338\" title=\"&#8220;Comunit\u00e0 intraprendenti al Festival Resilienze&#8221; &#8212; Euricse\" data-secret=\"k1tQMGSkx3\" frameborder=\"0\" marginwidth=\"0\" marginheight=\"0\" scrolling=\"no\" class=\"wp-embedded-content\"><\/iframe><script type=\"text\/javascript\">\n\/* <![CDATA[ *\/\n\/*! This file is auto-generated *\/\n!function(d,l){\"use strict\";l.querySelector&&d.addEventListener&&\"undefined\"!=typeof URL&&(d.wp=d.wp||{},d.wp.receiveEmbedMessage||(d.wp.receiveEmbedMessage=function(e){var t=e.data;if((t||t.secret||t.message||t.value)&&!\/[^a-zA-Z0-9]\/.test(t.secret)){for(var s,r,n,a=l.querySelectorAll('iframe[data-secret=\"'+t.secret+'\"]'),o=l.querySelectorAll('blockquote[data-secret=\"'+t.secret+'\"]'),c=new RegExp(\"^https?:$\",\"i\"),i=0;i<o.length;i++)o[i].style.display=\"none\";for(i=0;i<a.length;i++)s=a[i],e.source===s.contentWindow&&(s.removeAttribute(\"style\"),\"height\"===t.message?(1e3<(r=parseInt(t.value,10))?r=1e3:~~r<200&&(r=200),s.height=r):\"link\"===t.message&&(r=new URL(s.getAttribute(\"src\")),n=new URL(t.value),c.test(n.protocol))&&n.host===r.host&&l.activeElement===s&&(d.top.location.href=t.value))}},d.addEventListener(\"message\",d.wp.receiveEmbedMessage,!1),l.addEventListener(\"DOMContentLoaded\",function(){for(var e,t,s=l.querySelectorAll(\"iframe.wp-embedded-content\"),r=0;r<s.length;r++)(t=(e=s[r]).getAttribute(\"data-secret\"))||(t=Math.random().toString(36).substring(2,12),e.src+=\"#?secret=\"+t,e.setAttribute(\"data-secret\",t)),e.contentWindow.postMessage({message:\"ready\",secret:t},\"*\")},!1)))}(window,document);\n\/* ]]> *\/\n<\/script>\n","thumbnail_url":"https:\/\/euricse.eu\/wp-content\/uploads\/2020\/11\/creare-comunita\u0300-webinar-1024x576.png","thumbnail_width":1024,"thumbnail_height":576,"description":"Il 26 novembre l&#8217;appuntamento online con Luciano Vanni di Civitates Gioved\u00ec 26 novembre dalle 17 saremo ospiti del Festival Resilienze per parlare del nostro progetto Comunit\u00e0 Intraprendenti. Il webinar \u00e8 inserito nel secondo atto del festival &#8211; quest&#8217;anno completamente online &#8211; dedicata al &#8220;Coltivare con cura&#8220;. Resilienze Festival \u00e8 un progetto ideato e prodotto da [&hellip;]"}