{"id":29548,"date":"2026-02-18T13:19:00","date_gmt":"2026-02-18T13:19:00","guid":{"rendered":"https:\/\/euricse.eu\/events\/ica-ccr-research-conference-2026\/"},"modified":"2026-02-18T13:23:45","modified_gmt":"2026-02-18T13:23:45","slug":"ica-ccr-research-conference-2026","status":"publish","type":"events","link":"https:\/\/euricse.eu\/it\/events\/ica-ccr-research-conference-2026\/","title":{"rendered":"ICA CCR Research Conference 2026\u00a0"},"content":{"rendered":"<div class=\"flex max-w-full flex-col grow\">\n<div class=\"min-h-8 text-message relative flex w-full flex-col items-end gap-2 text-start break-words whitespace-normal [.text-message+&amp;]:mt-1\" dir=\"auto\" data-message-author-role=\"assistant\" data-message-id=\"36602d21-3b8d-4b55-b52f-e52339c5bcca\" data-message-model-slug=\"gpt-5-2\">\n<div class=\"flex w-full flex-col gap-1 empty:hidden first:pt-[1px]\">\n<div class=\"markdown prose dark:prose-invert w-full wrap-break-word light markdown-new-styling\">\n<p data-start=\"0\" data-end=\"177\">La <strong data-start=\"3\" data-end=\"25\">call for abstracts<\/strong> per <strong data-start=\"33\" data-end=\"69\">ICA CCR 2026 Research Conference<\/strong>, il principale evento accademico annuale in Europa dedicato alla ricerca sulle cooperative, \u00e8 ora aperta. La conferenza riunir\u00e0 ricercatori, docenti, professionisti e decisori politici provenienti da tutto il mondo. In programma a Valencia, Spagna, dal 3 al 6 novembre 2026, la conferenza esplorer\u00e0 il ruolo delle cooperative, della democrazia economica e dell\u2019economia sociale in Europa. Offrir\u00e0 uno spazio di dialogo, scambio di conoscenze e riflessione critica sulle sfide attuali e sulle prospettive future. I partecipanti sono invitati a presentare abstract individuali o proposte di sessione. Tutti i contributi saranno sottoposti a valutazione tra pari da parte del Comitato Scientifico.<\/p>\n<p data-start=\"777\" data-end=\"847\" data-is-last-node=\"\" data-is-only-node=\"\">La scadenza per l\u2019invio degli abstract \u00e8 fissata al <strong data-start=\"829\" data-end=\"846\">27 marzo 2026<\/strong>.<\/p>\n<\/div>\n<\/div>\n<\/div>\n<\/div>\n<div class=\"mt-3 w-full empty:hidden\">\n<div class=\"text-center\">\n<div>\n<div class=\"inline-flex border border-gray-100 dark:border-gray-700 rounded-xl\">\n<div class=\"text-token-text-secondary flex items-center justify-center gap-4 px-4 py-2.5 text-sm whitespace-nowrap\"><\/div>\n<\/div>\n<\/div>\n<\/div>\n<\/div>\n<p><a href=\"https:\/\/ica-ccr-europe-2026.webs.upv.es\/\" target=\"_blank\" rel=\"noopener\" data-cke-saved-href=\"https:\/\/ica-ccr-europe-2026.webs.upv.es\/\">Info<\/a><\/p>\n","protected":false},"excerpt":{"rendered":"<p>La call for abstracts per ICA CCR 2026 Research Conference, il principale evento accademico annuale in Europa dedicato alla ricerca sulle cooperative, \u00e8 ora aperta. La conferenza riunir\u00e0 ricercatori, docenti, professionisti e decisori politici provenienti da tutto il mondo. In programma a Valencia, Spagna, dal 3 al 6 novembre 2026, la conferenza esplorer\u00e0 il ruolo [&hellip;]<\/p>\n","protected":false},"author":32,"featured_media":29546,"parent":0,"comment_status":"closed","ping_status":"closed","template":"","meta":{"_acf_changed":false,"episode_type":"","audio_file":"","cover_image":"","cover_image_id":"","duration":"","filesize":"","date_recorded":"","explicit":"","block":"","itunes_episode_number":"","itunes_title":"","itunes_season_number":"","itunes_episode_type":"","filesize_raw":"","footnotes":""},"class_list":["post-29548","events","type-events","status-publish","has-post-thumbnail","hentry"],"acf":[],"yoast_head":"<!-- This site is optimized with the Yoast SEO plugin v26.1.1 - https:\/\/yoast.com\/wordpress\/plugins\/seo\/ -->\n<title>ICA CCR Research Conference 2026\u00a0 - Euricse<\/title>\n<meta name=\"description\" content=\"La Universitat Polit\u00e8cnica de Val\u00e8ncia ospiter\u00e0 la ICA CCR Europe Research Conference dal 3 al 6 novembre 2026.\" \/>\n<meta name=\"robots\" content=\"index, follow, max-snippet:-1, max-image-preview:large, max-video-preview:-1\" \/>\n<link rel=\"canonical\" href=\"https:\/\/euricse.eu\/it\/events\/ica-ccr-research-conference-2026\/\" \/>\n<meta property=\"og:locale\" content=\"it_IT\" \/>\n<meta property=\"og:type\" content=\"article\" \/>\n<meta property=\"og:title\" content=\"ICA CCR Research Conference 2026\u00a0 - Euricse\" \/>\n<meta property=\"og:description\" content=\"La Universitat Polit\u00e8cnica de Val\u00e8ncia ospiter\u00e0 la ICA CCR Europe Research Conference dal 3 al 6 novembre 2026.\" \/>\n<meta property=\"og:url\" content=\"https:\/\/euricse.eu\/it\/events\/ica-ccr-research-conference-2026\/\" \/>\n<meta property=\"og:site_name\" content=\"Euricse\" \/>\n<meta property=\"article:modified_time\" content=\"2026-02-18T13:23:45+00:00\" \/>\n<meta property=\"og:image\" content=\"https:\/\/euricse.eu\/wp-content\/uploads\/2026\/02\/ICA-CCR-Research-Conference-2026_Calll.jpg\" \/>\n\t<meta property=\"og:image:width\" content=\"800\" \/>\n\t<meta property=\"og:image:height\" content=\"1000\" \/>\n\t<meta property=\"og:image:type\" content=\"image\/jpeg\" \/>\n<meta name=\"twitter:card\" content=\"summary_large_image\" \/>\n<meta name=\"twitter:label1\" content=\"Tempo di lettura stimato\" \/>\n\t<meta name=\"twitter:data1\" content=\"1 minuto\" \/>\n<script type=\"application\/ld+json\" class=\"yoast-schema-graph\">{\"@context\":\"https:\/\/schema.org\",\"@graph\":[{\"@type\":\"WebPage\",\"@id\":\"https:\/\/euricse.eu\/it\/events\/ica-ccr-research-conference-2026\/\",\"url\":\"https:\/\/euricse.eu\/it\/events\/ica-ccr-research-conference-2026\/\",\"name\":\"ICA CCR Research Conference 2026\u00a0 - Euricse\",\"isPartOf\":{\"@id\":\"https:\/\/euricse.eu\/en\/#website\"},\"primaryImageOfPage\":{\"@id\":\"https:\/\/euricse.eu\/it\/events\/ica-ccr-research-conference-2026\/#primaryimage\"},\"image\":{\"@id\":\"https:\/\/euricse.eu\/it\/events\/ica-ccr-research-conference-2026\/#primaryimage\"},\"thumbnailUrl\":\"https:\/\/euricse.eu\/wp-content\/uploads\/2026\/02\/ICA-CCR-Research-Conference-2026_Calll.jpg\",\"datePublished\":\"2026-02-18T13:19:00+00:00\",\"dateModified\":\"2026-02-18T13:23:45+00:00\",\"description\":\"La Universitat Polit\u00e8cnica de Val\u00e8ncia ospiter\u00e0 la ICA CCR Europe Research Conference dal 3 al 6 novembre 2026.\",\"breadcrumb\":{\"@id\":\"https:\/\/euricse.eu\/it\/events\/ica-ccr-research-conference-2026\/#breadcrumb\"},\"inLanguage\":\"it-IT\",\"potentialAction\":[{\"@type\":\"ReadAction\",\"target\":[\"https:\/\/euricse.eu\/it\/events\/ica-ccr-research-conference-2026\/\"]}]},{\"@type\":\"ImageObject\",\"inLanguage\":\"it-IT\",\"@id\":\"https:\/\/euricse.eu\/it\/events\/ica-ccr-research-conference-2026\/#primaryimage\",\"url\":\"https:\/\/euricse.eu\/wp-content\/uploads\/2026\/02\/ICA-CCR-Research-Conference-2026_Calll.jpg\",\"contentUrl\":\"https:\/\/euricse.eu\/wp-content\/uploads\/2026\/02\/ICA-CCR-Research-Conference-2026_Calll.jpg\",\"width\":800,\"height\":1000},{\"@type\":\"BreadcrumbList\",\"@id\":\"https:\/\/euricse.eu\/it\/events\/ica-ccr-research-conference-2026\/#breadcrumb\",\"itemListElement\":[{\"@type\":\"ListItem\",\"position\":1,\"name\":\"Home\",\"item\":\"https:\/\/euricse.eu\/it\/\"},{\"@type\":\"ListItem\",\"position\":2,\"name\":\"Eventi\",\"item\":\"https:\/\/euricse.eu\/it\/events\/\"},{\"@type\":\"ListItem\",\"position\":3,\"name\":\"ICA CCR Research Conference 2026\u00a0\"}]},{\"@type\":\"WebSite\",\"@id\":\"https:\/\/euricse.eu\/en\/#website\",\"url\":\"https:\/\/euricse.eu\/en\/\",\"name\":\"Euricse\",\"description\":\"Knowledge and innovation for cooperative and social enterprises.\",\"potentialAction\":[{\"@type\":\"SearchAction\",\"target\":{\"@type\":\"EntryPoint\",\"urlTemplate\":\"https:\/\/euricse.eu\/en\/?s={search_term_string}\"},\"query-input\":{\"@type\":\"PropertyValueSpecification\",\"valueRequired\":true,\"valueName\":\"search_term_string\"}}],\"inLanguage\":\"it-IT\"}]}<\/script>\n<!-- \/ Yoast SEO plugin. -->","yoast_head_json":{"title":"ICA CCR Research Conference 2026\u00a0 - Euricse","description":"La Universitat Polit\u00e8cnica de Val\u00e8ncia ospiter\u00e0 la ICA CCR Europe Research Conference dal 3 al 6 novembre 2026.","robots":{"index":"index","follow":"follow","max-snippet":"max-snippet:-1","max-image-preview":"max-image-preview:large","max-video-preview":"max-video-preview:-1"},"canonical":"https:\/\/euricse.eu\/it\/events\/ica-ccr-research-conference-2026\/","og_locale":"it_IT","og_type":"article","og_title":"ICA CCR Research Conference 2026\u00a0 - Euricse","og_description":"La Universitat Polit\u00e8cnica de Val\u00e8ncia ospiter\u00e0 la ICA CCR Europe Research Conference dal 3 al 6 novembre 2026.","og_url":"https:\/\/euricse.eu\/it\/events\/ica-ccr-research-conference-2026\/","og_site_name":"Euricse","article_modified_time":"2026-02-18T13:23:45+00:00","og_image":[{"width":800,"height":1000,"url":"https:\/\/euricse.eu\/wp-content\/uploads\/2026\/02\/ICA-CCR-Research-Conference-2026_Calll.jpg","type":"image\/jpeg"}],"twitter_card":"summary_large_image","twitter_misc":{"Tempo di lettura stimato":"1 minuto"},"schema":{"@context":"https:\/\/schema.org","@graph":[{"@type":"WebPage","@id":"https:\/\/euricse.eu\/it\/events\/ica-ccr-research-conference-2026\/","url":"https:\/\/euricse.eu\/it\/events\/ica-ccr-research-conference-2026\/","name":"ICA CCR Research Conference 2026\u00a0 - Euricse","isPartOf":{"@id":"https:\/\/euricse.eu\/en\/#website"},"primaryImageOfPage":{"@id":"https:\/\/euricse.eu\/it\/events\/ica-ccr-research-conference-2026\/#primaryimage"},"image":{"@id":"https:\/\/euricse.eu\/it\/events\/ica-ccr-research-conference-2026\/#primaryimage"},"thumbnailUrl":"https:\/\/euricse.eu\/wp-content\/uploads\/2026\/02\/ICA-CCR-Research-Conference-2026_Calll.jpg","datePublished":"2026-02-18T13:19:00+00:00","dateModified":"2026-02-18T13:23:45+00:00","description":"La Universitat Polit\u00e8cnica de Val\u00e8ncia ospiter\u00e0 la ICA CCR Europe Research Conference dal 3 al 6 novembre 2026.","breadcrumb":{"@id":"https:\/\/euricse.eu\/it\/events\/ica-ccr-research-conference-2026\/#breadcrumb"},"inLanguage":"it-IT","potentialAction":[{"@type":"ReadAction","target":["https:\/\/euricse.eu\/it\/events\/ica-ccr-research-conference-2026\/"]}]},{"@type":"ImageObject","inLanguage":"it-IT","@id":"https:\/\/euricse.eu\/it\/events\/ica-ccr-research-conference-2026\/#primaryimage","url":"https:\/\/euricse.eu\/wp-content\/uploads\/2026\/02\/ICA-CCR-Research-Conference-2026_Calll.jpg","contentUrl":"https:\/\/euricse.eu\/wp-content\/uploads\/2026\/02\/ICA-CCR-Research-Conference-2026_Calll.jpg","width":800,"height":1000},{"@type":"BreadcrumbList","@id":"https:\/\/euricse.eu\/it\/events\/ica-ccr-research-conference-2026\/#breadcrumb","itemListElement":[{"@type":"ListItem","position":1,"name":"Home","item":"https:\/\/euricse.eu\/it\/"},{"@type":"ListItem","position":2,"name":"Eventi","item":"https:\/\/euricse.eu\/it\/events\/"},{"@type":"ListItem","position":3,"name":"ICA CCR Research Conference 2026\u00a0"}]},{"@type":"WebSite","@id":"https:\/\/euricse.eu\/en\/#website","url":"https:\/\/euricse.eu\/en\/","name":"Euricse","description":"Knowledge and innovation for cooperative and social enterprises.","potentialAction":[{"@type":"SearchAction","target":{"@type":"EntryPoint","urlTemplate":"https:\/\/euricse.eu\/en\/?s={search_term_string}"},"query-input":{"@type":"PropertyValueSpecification","valueRequired":true,"valueName":"search_term_string"}}],"inLanguage":"it-IT"}]}},"_links":{"self":[{"href":"https:\/\/euricse.eu\/it\/wp-json\/wp\/v2\/events\/29548","targetHints":{"allow":["GET"]}}],"collection":[{"href":"https:\/\/euricse.eu\/it\/wp-json\/wp\/v2\/events"}],"about":[{"href":"https:\/\/euricse.eu\/it\/wp-json\/wp\/v2\/types\/events"}],"author":[{"embeddable":true,"href":"https:\/\/euricse.eu\/it\/wp-json\/wp\/v2\/users\/32"}],"replies":[{"embeddable":true,"href":"https:\/\/euricse.eu\/it\/wp-json\/wp\/v2\/comments?post=29548"}],"version-history":[{"count":2,"href":"https:\/\/euricse.eu\/it\/wp-json\/wp\/v2\/events\/29548\/revisions"}],"predecessor-version":[{"id":29550,"href":"https:\/\/euricse.eu\/it\/wp-json\/wp\/v2\/events\/29548\/revisions\/29550"}],"wp:featuredmedia":[{"embeddable":true,"href":"https:\/\/euricse.eu\/it\/wp-json\/wp\/v2\/media\/29546"}],"wp:attachment":[{"href":"https:\/\/euricse.eu\/it\/wp-json\/wp\/v2\/media?parent=29548"}],"curies":[{"name":"wp","href":"https:\/\/api.w.org\/{rel}","templated":true}]}}