{"id":10963,"date":"2020-11-24T13:37:54","date_gmt":"2020-11-24T13:37:54","guid":{"rendered":"https:\/\/euricse.staging.hgblu.com\/?post_type=publications&#038;p=10963"},"modified":"2022-09-19T16:24:25","modified_gmt":"2022-09-19T15:24:25","slug":"il-tramonto-dellaccoglienza-la-gestione-delle-dinamiche-di-accoglienza-della-provincia-autonoma-di-trento-prima-e-dopo-il-decreto-sicurezza-e-immigrazione","status":"publish","type":"publications","link":"https:\/\/euricse.eu\/it\/publications\/il-tramonto-dellaccoglienza-la-gestione-delle-dinamiche-di-accoglienza-della-provincia-autonoma-di-trento-prima-e-dopo-il-decreto-sicurezza-e-immigrazione\/","title":{"rendered":"Il tramonto dell&#8217;accoglienza. La gestione delle dinamiche di accoglienza della Provincia Autonoma di Trento prima e dopo il Decreto sicurezza e immigrazione"},"content":{"rendered":"<p><strong><span class=\"label\" style=\"color: #000000;\">Editor(s): Paolo Boccagni, Giulia Galera, Leila Giannetto, Serena Piovesan<\/span><\/strong><\/p>\n<p>Il quaderno riporta i risultati di una ricerca commissionata ad Euricse da una rete di enti trentini composta da Arcobaleno SCS, Associazione Centro Astalli Trento Onlus, ATAS del Trentino, CGIL del Trentino, Kaleidoscopio SCS. La ricerca prende le mosse dall\u2019esigenza di indagare l\u2019impatto del sistema di accoglienza approntato in Trentino da un punto di vista economico e valutare gli effetti dei cambiamenti introdotti dal cosiddetto Decreto \u201cSicurezza e immigrazione\u201d1 in termini economici e di possibili rischi per la coesione sociale.<br \/>\nIn un quadro nazionale caratterizzato da un\u2019accoglienza tendenzialmente deficitaria e all\u2019insegna dell\u2019emergenza, il Trentino si \u00e8 distinto per una risposta diversa: ha istituito gi\u00e0 nel 2001 un ente dedicato al fenomeno migratorio e all\u2019accoglienza denominato CINFORMI (Centro informativo per l\u2019Immigrazione).<\/p>\n<p>Il CINFORMI agisce tutt\u2019oggi come braccio operativo della Provincia Autonoma di Trento (PAT) per supportare la questura nelle procedure amministrative relative all\u2019immigrazione e per garantire una regia dell\u2019accoglienza a livello provinciale attraverso la stretta collaborazione con una rete di cooperative sociali e altri enti di terzo settore. L\u2019interesse per il Trentino scaturisce anche da una seconda considerazione: si tratta, infatti, dell\u2019unica provincia italiana in cui esisteva un sistema di accoglienza centralizzato e ben funzionante che \u00e8 stato smantellato rapidamente e in maniera drastica. La rapidit\u00e0 con cui il sistema precedente \u00e8 stato stravolto dal Decreto Sicurezza e Immigrazione \u00e8 dovuta a due fattori principali: la centralizzazione che contraddistingue il sistema provinciale e la congiuntura politica che ha trasformato il tema dell\u2019accoglienza in un campo di battaglia, segnato a fine 2018 dall\u2019elezione della giunta monocolore (Lega) della PAT.<\/p>\n<p>La ricerca si \u00e8 tradotta in uno studio quanti-qualitativo basato sui dati messi a disposizione dal CINFORMI e dal servizio statistico della Provincia Autonoma di Trento (ISPAT), su due focus group e una serie di interviste ad operatori, sia del settore pubblico che del privato sociale. L\u2019analisi quantitativa ha consentito di stimare l\u2019impatto economico dell\u2019accoglienza e ha permesso di approntare una serie di considerazioni sulle conseguenze economiche della mancata accoglienza. Oltre ad evidenziare una serie di punti di forza del sistema di accoglienza trentino pre-Decreto Sicurezza e immigrazione, le interviste e i focus group hanno messo in luce alcuni motivi di preoccupazione per gli effetti del Decreto sul sistema di accoglienza stesso. Ci\u00f2 porta a interrogarsi sul senso di una riforma che, lungi dal tradursi in un risparmio significativo, \u00e8 molto probabile generi consistenti costi economici e sociali<br \/>\nnel medio e lungo periodo.<\/p>\n","protected":false},"excerpt":{"rendered":"<p>La ricerca indaga il sistema di accoglienza dei migranti sull\u2019economia trentina alla luce dei cambiamenti che sono stati introdotti dal Decreto Sicurezza del 2018. <\/p>\n","protected":false},"author":30,"featured_media":10954,"parent":0,"comment_status":"closed","ping_status":"closed","template":"","meta":{"_acf_changed":false,"episode_type":"","audio_file":"","cover_image":"","cover_image_id":"","duration":"","filesize":"","date_recorded":"","explicit":"","block":"","itunes_episode_number":"","itunes_title":"","itunes_season_number":"","itunes_episode_type":"","filesize_raw":"","footnotes":""},"tags":[280,289,442,886],"class_list":["post-10963","publications","type-publications","status-publish","has-post-thumbnail","hentry","tag-terzo-settore","tag-immigrazione","tag-migranti","tag-integrazione","publications-cat-libri","publications-area-politiche-pubbliche","arguments-welfare-e-servizi","organizational_types-enti-di-terzo-settore"],"acf":[],"yoast_head":"<!-- This site is optimized with the Yoast SEO plugin v26.1.1 - https:\/\/yoast.com\/wordpress\/plugins\/seo\/ -->\n<title>Il tramonto dell&#039;accoglienza. La gestione delle dinamiche di accoglienza della Provincia Autonoma di Trento prima e dopo il Decreto sicurezza e immigrazione - Euricse<\/title>\n<meta name=\"robots\" content=\"index, follow, max-snippet:-1, max-image-preview:large, max-video-preview:-1\" \/>\n<link rel=\"canonical\" href=\"https:\/\/euricse.eu\/it\/publications\/il-tramonto-dellaccoglienza-la-gestione-delle-dinamiche-di-accoglienza-della-provincia-autonoma-di-trento-prima-e-dopo-il-decreto-sicurezza-e-immigrazione\/\" \/>\n<meta property=\"og:locale\" content=\"it_IT\" \/>\n<meta property=\"og:type\" content=\"article\" \/>\n<meta property=\"og:title\" content=\"Il tramonto dell&#039;accoglienza. La gestione delle dinamiche di accoglienza della Provincia Autonoma di Trento prima e dopo il Decreto sicurezza e immigrazione - Euricse\" \/>\n<meta property=\"og:description\" content=\"La ricerca indaga il sistema di accoglienza dei migranti sull\u2019economia trentina alla luce dei cambiamenti che sono stati introdotti dal Decreto Sicurezza del 2018.\" \/>\n<meta property=\"og:url\" content=\"https:\/\/euricse.eu\/it\/publications\/il-tramonto-dellaccoglienza-la-gestione-delle-dinamiche-di-accoglienza-della-provincia-autonoma-di-trento-prima-e-dopo-il-decreto-sicurezza-e-immigrazione\/\" \/>\n<meta property=\"og:site_name\" content=\"Euricse\" \/>\n<meta property=\"article:modified_time\" content=\"2022-09-19T15:24:25+00:00\" \/>\n<meta property=\"og:image\" content=\"https:\/\/euricse.eu\/wp-content\/uploads\/2020\/11\/Cover_QuadMig_15_rev__page-0001-1.jpg\" \/>\n\t<meta property=\"og:image:width\" content=\"1113\" \/>\n\t<meta property=\"og:image:height\" content=\"1412\" \/>\n\t<meta property=\"og:image:type\" content=\"image\/jpeg\" \/>\n<meta name=\"twitter:card\" content=\"summary_large_image\" \/>\n<meta name=\"twitter:label1\" content=\"Tempo di lettura stimato\" \/>\n\t<meta name=\"twitter:data1\" content=\"3 minuti\" \/>\n<script type=\"application\/ld+json\" class=\"yoast-schema-graph\">{\"@context\":\"https:\/\/schema.org\",\"@graph\":[{\"@type\":\"WebPage\",\"@id\":\"https:\/\/euricse.eu\/it\/publications\/il-tramonto-dellaccoglienza-la-gestione-delle-dinamiche-di-accoglienza-della-provincia-autonoma-di-trento-prima-e-dopo-il-decreto-sicurezza-e-immigrazione\/\",\"url\":\"https:\/\/euricse.eu\/it\/publications\/il-tramonto-dellaccoglienza-la-gestione-delle-dinamiche-di-accoglienza-della-provincia-autonoma-di-trento-prima-e-dopo-il-decreto-sicurezza-e-immigrazione\/\",\"name\":\"Il tramonto dell'accoglienza. La gestione delle dinamiche di accoglienza della Provincia Autonoma di Trento prima e dopo il Decreto sicurezza e immigrazione - Euricse\",\"isPartOf\":{\"@id\":\"https:\/\/euricse.eu\/en\/#website\"},\"primaryImageOfPage\":{\"@id\":\"https:\/\/euricse.eu\/it\/publications\/il-tramonto-dellaccoglienza-la-gestione-delle-dinamiche-di-accoglienza-della-provincia-autonoma-di-trento-prima-e-dopo-il-decreto-sicurezza-e-immigrazione\/#primaryimage\"},\"image\":{\"@id\":\"https:\/\/euricse.eu\/it\/publications\/il-tramonto-dellaccoglienza-la-gestione-delle-dinamiche-di-accoglienza-della-provincia-autonoma-di-trento-prima-e-dopo-il-decreto-sicurezza-e-immigrazione\/#primaryimage\"},\"thumbnailUrl\":\"https:\/\/euricse.eu\/wp-content\/uploads\/2020\/11\/Cover_QuadMig_15_rev__page-0001-1.jpg\",\"datePublished\":\"2020-11-24T13:37:54+00:00\",\"dateModified\":\"2022-09-19T15:24:25+00:00\",\"breadcrumb\":{\"@id\":\"https:\/\/euricse.eu\/it\/publications\/il-tramonto-dellaccoglienza-la-gestione-delle-dinamiche-di-accoglienza-della-provincia-autonoma-di-trento-prima-e-dopo-il-decreto-sicurezza-e-immigrazione\/#breadcrumb\"},\"inLanguage\":\"it-IT\",\"potentialAction\":[{\"@type\":\"ReadAction\",\"target\":[\"https:\/\/euricse.eu\/it\/publications\/il-tramonto-dellaccoglienza-la-gestione-delle-dinamiche-di-accoglienza-della-provincia-autonoma-di-trento-prima-e-dopo-il-decreto-sicurezza-e-immigrazione\/\"]}]},{\"@type\":\"ImageObject\",\"inLanguage\":\"it-IT\",\"@id\":\"https:\/\/euricse.eu\/it\/publications\/il-tramonto-dellaccoglienza-la-gestione-delle-dinamiche-di-accoglienza-della-provincia-autonoma-di-trento-prima-e-dopo-il-decreto-sicurezza-e-immigrazione\/#primaryimage\",\"url\":\"https:\/\/euricse.eu\/wp-content\/uploads\/2020\/11\/Cover_QuadMig_15_rev__page-0001-1.jpg\",\"contentUrl\":\"https:\/\/euricse.eu\/wp-content\/uploads\/2020\/11\/Cover_QuadMig_15_rev__page-0001-1.jpg\",\"width\":1113,\"height\":1412},{\"@type\":\"BreadcrumbList\",\"@id\":\"https:\/\/euricse.eu\/it\/publications\/il-tramonto-dellaccoglienza-la-gestione-delle-dinamiche-di-accoglienza-della-provincia-autonoma-di-trento-prima-e-dopo-il-decreto-sicurezza-e-immigrazione\/#breadcrumb\",\"itemListElement\":[{\"@type\":\"ListItem\",\"position\":1,\"name\":\"Home\",\"item\":\"https:\/\/euricse.eu\/it\/\"},{\"@type\":\"ListItem\",\"position\":2,\"name\":\"Pubblicazioni\",\"item\":\"https:\/\/euricse.eu\/it\/publications\/\"},{\"@type\":\"ListItem\",\"position\":3,\"name\":\"Il tramonto dell&#8217;accoglienza. La gestione delle dinamiche di accoglienza della Provincia Autonoma di Trento prima e dopo il Decreto sicurezza e immigrazione\"}]},{\"@type\":\"WebSite\",\"@id\":\"https:\/\/euricse.eu\/en\/#website\",\"url\":\"https:\/\/euricse.eu\/en\/\",\"name\":\"Euricse\",\"description\":\"Knowledge and innovation for cooperative and social enterprises.\",\"potentialAction\":[{\"@type\":\"SearchAction\",\"target\":{\"@type\":\"EntryPoint\",\"urlTemplate\":\"https:\/\/euricse.eu\/en\/?s={search_term_string}\"},\"query-input\":{\"@type\":\"PropertyValueSpecification\",\"valueRequired\":true,\"valueName\":\"search_term_string\"}}],\"inLanguage\":\"it-IT\"}]}<\/script>\n<!-- \/ Yoast SEO plugin. -->","yoast_head_json":{"title":"Il tramonto dell'accoglienza. La gestione delle dinamiche di accoglienza della Provincia Autonoma di Trento prima e dopo il Decreto sicurezza e immigrazione - Euricse","robots":{"index":"index","follow":"follow","max-snippet":"max-snippet:-1","max-image-preview":"max-image-preview:large","max-video-preview":"max-video-preview:-1"},"canonical":"https:\/\/euricse.eu\/it\/publications\/il-tramonto-dellaccoglienza-la-gestione-delle-dinamiche-di-accoglienza-della-provincia-autonoma-di-trento-prima-e-dopo-il-decreto-sicurezza-e-immigrazione\/","og_locale":"it_IT","og_type":"article","og_title":"Il tramonto dell'accoglienza. La gestione delle dinamiche di accoglienza della Provincia Autonoma di Trento prima e dopo il Decreto sicurezza e immigrazione - Euricse","og_description":"La ricerca indaga il sistema di accoglienza dei migranti sull\u2019economia trentina alla luce dei cambiamenti che sono stati introdotti dal Decreto Sicurezza del 2018.","og_url":"https:\/\/euricse.eu\/it\/publications\/il-tramonto-dellaccoglienza-la-gestione-delle-dinamiche-di-accoglienza-della-provincia-autonoma-di-trento-prima-e-dopo-il-decreto-sicurezza-e-immigrazione\/","og_site_name":"Euricse","article_modified_time":"2022-09-19T15:24:25+00:00","og_image":[{"width":1113,"height":1412,"url":"https:\/\/euricse.eu\/wp-content\/uploads\/2020\/11\/Cover_QuadMig_15_rev__page-0001-1.jpg","type":"image\/jpeg"}],"twitter_card":"summary_large_image","twitter_misc":{"Tempo di lettura stimato":"3 minuti"},"schema":{"@context":"https:\/\/schema.org","@graph":[{"@type":"WebPage","@id":"https:\/\/euricse.eu\/it\/publications\/il-tramonto-dellaccoglienza-la-gestione-delle-dinamiche-di-accoglienza-della-provincia-autonoma-di-trento-prima-e-dopo-il-decreto-sicurezza-e-immigrazione\/","url":"https:\/\/euricse.eu\/it\/publications\/il-tramonto-dellaccoglienza-la-gestione-delle-dinamiche-di-accoglienza-della-provincia-autonoma-di-trento-prima-e-dopo-il-decreto-sicurezza-e-immigrazione\/","name":"Il tramonto dell'accoglienza. La gestione delle dinamiche di accoglienza della Provincia Autonoma di Trento prima e dopo il Decreto sicurezza e immigrazione - Euricse","isPartOf":{"@id":"https:\/\/euricse.eu\/en\/#website"},"primaryImageOfPage":{"@id":"https:\/\/euricse.eu\/it\/publications\/il-tramonto-dellaccoglienza-la-gestione-delle-dinamiche-di-accoglienza-della-provincia-autonoma-di-trento-prima-e-dopo-il-decreto-sicurezza-e-immigrazione\/#primaryimage"},"image":{"@id":"https:\/\/euricse.eu\/it\/publications\/il-tramonto-dellaccoglienza-la-gestione-delle-dinamiche-di-accoglienza-della-provincia-autonoma-di-trento-prima-e-dopo-il-decreto-sicurezza-e-immigrazione\/#primaryimage"},"thumbnailUrl":"https:\/\/euricse.eu\/wp-content\/uploads\/2020\/11\/Cover_QuadMig_15_rev__page-0001-1.jpg","datePublished":"2020-11-24T13:37:54+00:00","dateModified":"2022-09-19T15:24:25+00:00","breadcrumb":{"@id":"https:\/\/euricse.eu\/it\/publications\/il-tramonto-dellaccoglienza-la-gestione-delle-dinamiche-di-accoglienza-della-provincia-autonoma-di-trento-prima-e-dopo-il-decreto-sicurezza-e-immigrazione\/#breadcrumb"},"inLanguage":"it-IT","potentialAction":[{"@type":"ReadAction","target":["https:\/\/euricse.eu\/it\/publications\/il-tramonto-dellaccoglienza-la-gestione-delle-dinamiche-di-accoglienza-della-provincia-autonoma-di-trento-prima-e-dopo-il-decreto-sicurezza-e-immigrazione\/"]}]},{"@type":"ImageObject","inLanguage":"it-IT","@id":"https:\/\/euricse.eu\/it\/publications\/il-tramonto-dellaccoglienza-la-gestione-delle-dinamiche-di-accoglienza-della-provincia-autonoma-di-trento-prima-e-dopo-il-decreto-sicurezza-e-immigrazione\/#primaryimage","url":"https:\/\/euricse.eu\/wp-content\/uploads\/2020\/11\/Cover_QuadMig_15_rev__page-0001-1.jpg","contentUrl":"https:\/\/euricse.eu\/wp-content\/uploads\/2020\/11\/Cover_QuadMig_15_rev__page-0001-1.jpg","width":1113,"height":1412},{"@type":"BreadcrumbList","@id":"https:\/\/euricse.eu\/it\/publications\/il-tramonto-dellaccoglienza-la-gestione-delle-dinamiche-di-accoglienza-della-provincia-autonoma-di-trento-prima-e-dopo-il-decreto-sicurezza-e-immigrazione\/#breadcrumb","itemListElement":[{"@type":"ListItem","position":1,"name":"Home","item":"https:\/\/euricse.eu\/it\/"},{"@type":"ListItem","position":2,"name":"Pubblicazioni","item":"https:\/\/euricse.eu\/it\/publications\/"},{"@type":"ListItem","position":3,"name":"Il tramonto dell&#8217;accoglienza. La gestione delle dinamiche di accoglienza della Provincia Autonoma di Trento prima e dopo il Decreto sicurezza e immigrazione"}]},{"@type":"WebSite","@id":"https:\/\/euricse.eu\/en\/#website","url":"https:\/\/euricse.eu\/en\/","name":"Euricse","description":"Knowledge and innovation for cooperative and social enterprises.","potentialAction":[{"@type":"SearchAction","target":{"@type":"EntryPoint","urlTemplate":"https:\/\/euricse.eu\/en\/?s={search_term_string}"},"query-input":{"@type":"PropertyValueSpecification","valueRequired":true,"valueName":"search_term_string"}}],"inLanguage":"it-IT"}]}},"_links":{"self":[{"href":"https:\/\/euricse.eu\/it\/wp-json\/wp\/v2\/publications\/10963","targetHints":{"allow":["GET"]}}],"collection":[{"href":"https:\/\/euricse.eu\/it\/wp-json\/wp\/v2\/publications"}],"about":[{"href":"https:\/\/euricse.eu\/it\/wp-json\/wp\/v2\/types\/publications"}],"author":[{"embeddable":true,"href":"https:\/\/euricse.eu\/it\/wp-json\/wp\/v2\/users\/30"}],"replies":[{"embeddable":true,"href":"https:\/\/euricse.eu\/it\/wp-json\/wp\/v2\/comments?post=10963"}],"version-history":[{"count":2,"href":"https:\/\/euricse.eu\/it\/wp-json\/wp\/v2\/publications\/10963\/revisions"}],"predecessor-version":[{"id":17502,"href":"https:\/\/euricse.eu\/it\/wp-json\/wp\/v2\/publications\/10963\/revisions\/17502"}],"wp:featuredmedia":[{"embeddable":true,"href":"https:\/\/euricse.eu\/it\/wp-json\/wp\/v2\/media\/10954"}],"wp:attachment":[{"href":"https:\/\/euricse.eu\/it\/wp-json\/wp\/v2\/media?parent=10963"}],"wp:term":[{"taxonomy":"post_tag","embeddable":true,"href":"https:\/\/euricse.eu\/it\/wp-json\/wp\/v2\/tags?post=10963"}],"curies":[{"name":"wp","href":"https:\/\/api.w.org\/{rel}","templated":true}]}}