{"id":19282,"date":"2023-05-18T16:59:40","date_gmt":"2023-05-18T15:59:40","guid":{"rendered":"https:\/\/euricse.eu\/?post_type=publications&#038;p=19282"},"modified":"2023-08-08T11:14:37","modified_gmt":"2023-08-08T10:14:37","slug":"wp-127-23-pratiche-e-storia-della-co-programmazione-e-della-co-progettazione-in-italia-la-produzione-di-cultura-e-leducazione-musicale-in-trentino-tr","status":"publish","type":"publications","link":"https:\/\/euricse.eu\/it\/publications\/wp-127-23-pratiche-e-storia-della-co-programmazione-e-della-co-progettazione-in-italia-la-produzione-di-cultura-e-leducazione-musicale-in-trentino-tr\/","title":{"rendered":"WP 127 | 23 Pratiche e storia della \u201cCo &#8211; programmazione\u201d e della \u201cCo- progettazione\u201d in Italia: la produzione di cultura e l&#8217;educazione musicale in Trentino tra pubblico e privato non profit"},"content":{"rendered":"<p>Il paper affronta il tema del possibile meccanismo di coordinamento che si pu\u00f2 utilizzare per la produzione culturale, e in particolare per la cultura musicale. Questa riflessione si colloca all\u2019interno delle specifiche innovazioni istituzionali introdotte in Italia con la riforma del Terzo Settore. Gli autori si concentrano sull&#8217;importanza dell\u2019\u201camministrazione condivisa\u201d e sulla particolare gestione della politica culturale impostata dal Trentino, una Provincia situata nel nord Italia. L\u2019approccio alla produzione di cultura musicale, sviluppato prima della riforma del Terzo Settore, pone una forte enfasi sull\u2019idea di \u201ccondivisione\u201d del progetto culturale all&#8217;interno delle comunit\u00e0 di riferimento, in particolare attraverso l\u2019interazione tra l\u2019amministrazione pubblica e le organizzazioni private non profit. L\u2019approccio adottato \u00e8 stato senz\u2019altro innovativo rispetto a quello dominante, che era concentrato, al contrario, su bandi pubblici o sulla produzione di servizi interamente gestiti dalle autorit\u00e0 pubbliche. Quest\u2019impostazione si \u00e8 sviluppata lungo tre livelli di governance sistemica: strategico, di coordinamento intermedio e operativo. In conclusione, si evidenzia l&#8217;esistenza di un sistema policentrico di produzione culturale. Vi \u00e8 tuttavia la necessit\u00e0 che esso eviti di rimanere intrappolato in un disequilibrio statico. Al contrario \u00e8 auspicabile che esso riconosca il cambiamento, e che sostenga e promuova una cultura della cooperazione tra le scuole e tra i vari livelli istituzionali.<\/p>\n<p>&nbsp;<\/p>\n<p><strong>JEL Codes <\/strong><\/p>\n<p>H4; I2; L3; Z1<\/p>\n","protected":false},"excerpt":{"rendered":"<p>Il paper esplora il meccanismo di coordinamento per la produzione culturale, focalizzandosi sull&#8217;approccio innovativo di amministrazione condivisa e politica culturale del Trentino. <\/p>\n","protected":false},"author":32,"featured_media":19279,"parent":0,"comment_status":"closed","ping_status":"closed","template":"","meta":{"_acf_changed":false,"episode_type":"","audio_file":"","cover_image":"","cover_image_id":"","duration":"","filesize":"","date_recorded":"","explicit":"","block":"","itunes_episode_number":"","itunes_title":"","itunes_season_number":"","itunes_episode_type":"","filesize_raw":"","footnotes":""},"tags":[830,876,1196,1197,1198,1199],"class_list":["post-19282","publications","type-publications","status-publish","has-post-thumbnail","hentry","tag-italia","tag-amministrazione-condivisa","tag-collaborazione-pubblico-privato","tag-beni-meritori","tag-cultura-musicale","tag-scuole-musicali-del-trentino","publications-cat-working-paper","publications-area-modelli-innovativi","arguments-innovazione","arguments-beni-comuni","arguments-welfare-e-servizi","organizational_types-enti-di-terzo-settore"],"acf":[],"yoast_head":"<!-- This site is optimized with the Yoast SEO plugin v26.1.1 - https:\/\/yoast.com\/wordpress\/plugins\/seo\/ -->\n<title>WP 127 | 23 Pratiche e storia della \u201cCo - programmazione\u201d e della \u201cCo- progettazione\u201d in Italia: la produzione di cultura e l&#039;educazione musicale in Trentino tra pubblico e privato non profit - Euricse<\/title>\n<meta name=\"robots\" content=\"index, follow, max-snippet:-1, max-image-preview:large, max-video-preview:-1\" \/>\n<link rel=\"canonical\" href=\"https:\/\/euricse.eu\/it\/publications\/wp-127-23-pratiche-e-storia-della-co-programmazione-e-della-co-progettazione-in-italia-la-produzione-di-cultura-e-leducazione-musicale-in-trentino-tr\/\" \/>\n<meta property=\"og:locale\" content=\"it_IT\" \/>\n<meta property=\"og:type\" content=\"article\" \/>\n<meta property=\"og:title\" content=\"WP 127 | 23 Pratiche e storia della \u201cCo - programmazione\u201d e della \u201cCo- progettazione\u201d in Italia: la produzione di cultura e l&#039;educazione musicale in Trentino tra pubblico e privato non profit - Euricse\" \/>\n<meta property=\"og:description\" content=\"Il paper esplora il meccanismo di coordinamento per la produzione culturale, focalizzandosi sull&#039;approccio innovativo di amministrazione condivisa e politica culturale del Trentino.\" \/>\n<meta property=\"og:url\" content=\"https:\/\/euricse.eu\/it\/publications\/wp-127-23-pratiche-e-storia-della-co-programmazione-e-della-co-progettazione-in-italia-la-produzione-di-cultura-e-leducazione-musicale-in-trentino-tr\/\" \/>\n<meta property=\"og:site_name\" content=\"Euricse\" \/>\n<meta property=\"article:modified_time\" content=\"2023-08-08T10:14:37+00:00\" \/>\n<meta property=\"og:image\" content=\"https:\/\/euricse.eu\/wp-content\/uploads\/2023\/05\/WP-127-Sacchetti-e-Ianes.jpg\" \/>\n\t<meta property=\"og:image:width\" content=\"603\" \/>\n\t<meta property=\"og:image:height\" content=\"852\" \/>\n\t<meta property=\"og:image:type\" content=\"image\/jpeg\" \/>\n<meta name=\"twitter:card\" content=\"summary_large_image\" \/>\n<meta name=\"twitter:label1\" content=\"Tempo di lettura stimato\" \/>\n\t<meta name=\"twitter:data1\" content=\"2 minuti\" \/>\n<script type=\"application\/ld+json\" class=\"yoast-schema-graph\">{\"@context\":\"https:\/\/schema.org\",\"@graph\":[{\"@type\":\"WebPage\",\"@id\":\"https:\/\/euricse.eu\/it\/publications\/wp-127-23-pratiche-e-storia-della-co-programmazione-e-della-co-progettazione-in-italia-la-produzione-di-cultura-e-leducazione-musicale-in-trentino-tr\/\",\"url\":\"https:\/\/euricse.eu\/it\/publications\/wp-127-23-pratiche-e-storia-della-co-programmazione-e-della-co-progettazione-in-italia-la-produzione-di-cultura-e-leducazione-musicale-in-trentino-tr\/\",\"name\":\"WP 127 | 23 Pratiche e storia della \u201cCo - programmazione\u201d e della \u201cCo- progettazione\u201d in Italia: la produzione di cultura e l'educazione musicale in Trentino tra pubblico e privato non profit - Euricse\",\"isPartOf\":{\"@id\":\"https:\/\/euricse.eu\/en\/#website\"},\"primaryImageOfPage\":{\"@id\":\"https:\/\/euricse.eu\/it\/publications\/wp-127-23-pratiche-e-storia-della-co-programmazione-e-della-co-progettazione-in-italia-la-produzione-di-cultura-e-leducazione-musicale-in-trentino-tr\/#primaryimage\"},\"image\":{\"@id\":\"https:\/\/euricse.eu\/it\/publications\/wp-127-23-pratiche-e-storia-della-co-programmazione-e-della-co-progettazione-in-italia-la-produzione-di-cultura-e-leducazione-musicale-in-trentino-tr\/#primaryimage\"},\"thumbnailUrl\":\"https:\/\/euricse.eu\/wp-content\/uploads\/2023\/05\/WP-127-Sacchetti-e-Ianes.jpg\",\"datePublished\":\"2023-05-18T15:59:40+00:00\",\"dateModified\":\"2023-08-08T10:14:37+00:00\",\"breadcrumb\":{\"@id\":\"https:\/\/euricse.eu\/it\/publications\/wp-127-23-pratiche-e-storia-della-co-programmazione-e-della-co-progettazione-in-italia-la-produzione-di-cultura-e-leducazione-musicale-in-trentino-tr\/#breadcrumb\"},\"inLanguage\":\"it-IT\",\"potentialAction\":[{\"@type\":\"ReadAction\",\"target\":[\"https:\/\/euricse.eu\/it\/publications\/wp-127-23-pratiche-e-storia-della-co-programmazione-e-della-co-progettazione-in-italia-la-produzione-di-cultura-e-leducazione-musicale-in-trentino-tr\/\"]}]},{\"@type\":\"ImageObject\",\"inLanguage\":\"it-IT\",\"@id\":\"https:\/\/euricse.eu\/it\/publications\/wp-127-23-pratiche-e-storia-della-co-programmazione-e-della-co-progettazione-in-italia-la-produzione-di-cultura-e-leducazione-musicale-in-trentino-tr\/#primaryimage\",\"url\":\"https:\/\/euricse.eu\/wp-content\/uploads\/2023\/05\/WP-127-Sacchetti-e-Ianes.jpg\",\"contentUrl\":\"https:\/\/euricse.eu\/wp-content\/uploads\/2023\/05\/WP-127-Sacchetti-e-Ianes.jpg\",\"width\":603,\"height\":852},{\"@type\":\"BreadcrumbList\",\"@id\":\"https:\/\/euricse.eu\/it\/publications\/wp-127-23-pratiche-e-storia-della-co-programmazione-e-della-co-progettazione-in-italia-la-produzione-di-cultura-e-leducazione-musicale-in-trentino-tr\/#breadcrumb\",\"itemListElement\":[{\"@type\":\"ListItem\",\"position\":1,\"name\":\"Home\",\"item\":\"https:\/\/euricse.eu\/it\/\"},{\"@type\":\"ListItem\",\"position\":2,\"name\":\"Pubblicazioni\",\"item\":\"https:\/\/euricse.eu\/it\/publications\/\"},{\"@type\":\"ListItem\",\"position\":3,\"name\":\"WP 127 | 23 Pratiche e storia della \u201cCo &#8211; programmazione\u201d e della \u201cCo- progettazione\u201d in Italia: la produzione di cultura e l&#8217;educazione musicale in Trentino tra pubblico e privato non profit\"}]},{\"@type\":\"WebSite\",\"@id\":\"https:\/\/euricse.eu\/en\/#website\",\"url\":\"https:\/\/euricse.eu\/en\/\",\"name\":\"Euricse\",\"description\":\"Knowledge and innovation for cooperative and social enterprises.\",\"potentialAction\":[{\"@type\":\"SearchAction\",\"target\":{\"@type\":\"EntryPoint\",\"urlTemplate\":\"https:\/\/euricse.eu\/en\/?s={search_term_string}\"},\"query-input\":{\"@type\":\"PropertyValueSpecification\",\"valueRequired\":true,\"valueName\":\"search_term_string\"}}],\"inLanguage\":\"it-IT\"}]}<\/script>\n<!-- \/ Yoast SEO plugin. -->","yoast_head_json":{"title":"WP 127 | 23 Pratiche e storia della \u201cCo - programmazione\u201d e della \u201cCo- progettazione\u201d in Italia: la produzione di cultura e l'educazione musicale in Trentino tra pubblico e privato non profit - Euricse","robots":{"index":"index","follow":"follow","max-snippet":"max-snippet:-1","max-image-preview":"max-image-preview:large","max-video-preview":"max-video-preview:-1"},"canonical":"https:\/\/euricse.eu\/it\/publications\/wp-127-23-pratiche-e-storia-della-co-programmazione-e-della-co-progettazione-in-italia-la-produzione-di-cultura-e-leducazione-musicale-in-trentino-tr\/","og_locale":"it_IT","og_type":"article","og_title":"WP 127 | 23 Pratiche e storia della \u201cCo - programmazione\u201d e della \u201cCo- progettazione\u201d in Italia: la produzione di cultura e l'educazione musicale in Trentino tra pubblico e privato non profit - Euricse","og_description":"Il paper esplora il meccanismo di coordinamento per la produzione culturale, focalizzandosi sull'approccio innovativo di amministrazione condivisa e politica culturale del Trentino.","og_url":"https:\/\/euricse.eu\/it\/publications\/wp-127-23-pratiche-e-storia-della-co-programmazione-e-della-co-progettazione-in-italia-la-produzione-di-cultura-e-leducazione-musicale-in-trentino-tr\/","og_site_name":"Euricse","article_modified_time":"2023-08-08T10:14:37+00:00","og_image":[{"width":603,"height":852,"url":"https:\/\/euricse.eu\/wp-content\/uploads\/2023\/05\/WP-127-Sacchetti-e-Ianes.jpg","type":"image\/jpeg"}],"twitter_card":"summary_large_image","twitter_misc":{"Tempo di lettura stimato":"2 minuti"},"schema":{"@context":"https:\/\/schema.org","@graph":[{"@type":"WebPage","@id":"https:\/\/euricse.eu\/it\/publications\/wp-127-23-pratiche-e-storia-della-co-programmazione-e-della-co-progettazione-in-italia-la-produzione-di-cultura-e-leducazione-musicale-in-trentino-tr\/","url":"https:\/\/euricse.eu\/it\/publications\/wp-127-23-pratiche-e-storia-della-co-programmazione-e-della-co-progettazione-in-italia-la-produzione-di-cultura-e-leducazione-musicale-in-trentino-tr\/","name":"WP 127 | 23 Pratiche e storia della \u201cCo - programmazione\u201d e della \u201cCo- progettazione\u201d in Italia: la produzione di cultura e l'educazione musicale in Trentino tra pubblico e privato non profit - Euricse","isPartOf":{"@id":"https:\/\/euricse.eu\/en\/#website"},"primaryImageOfPage":{"@id":"https:\/\/euricse.eu\/it\/publications\/wp-127-23-pratiche-e-storia-della-co-programmazione-e-della-co-progettazione-in-italia-la-produzione-di-cultura-e-leducazione-musicale-in-trentino-tr\/#primaryimage"},"image":{"@id":"https:\/\/euricse.eu\/it\/publications\/wp-127-23-pratiche-e-storia-della-co-programmazione-e-della-co-progettazione-in-italia-la-produzione-di-cultura-e-leducazione-musicale-in-trentino-tr\/#primaryimage"},"thumbnailUrl":"https:\/\/euricse.eu\/wp-content\/uploads\/2023\/05\/WP-127-Sacchetti-e-Ianes.jpg","datePublished":"2023-05-18T15:59:40+00:00","dateModified":"2023-08-08T10:14:37+00:00","breadcrumb":{"@id":"https:\/\/euricse.eu\/it\/publications\/wp-127-23-pratiche-e-storia-della-co-programmazione-e-della-co-progettazione-in-italia-la-produzione-di-cultura-e-leducazione-musicale-in-trentino-tr\/#breadcrumb"},"inLanguage":"it-IT","potentialAction":[{"@type":"ReadAction","target":["https:\/\/euricse.eu\/it\/publications\/wp-127-23-pratiche-e-storia-della-co-programmazione-e-della-co-progettazione-in-italia-la-produzione-di-cultura-e-leducazione-musicale-in-trentino-tr\/"]}]},{"@type":"ImageObject","inLanguage":"it-IT","@id":"https:\/\/euricse.eu\/it\/publications\/wp-127-23-pratiche-e-storia-della-co-programmazione-e-della-co-progettazione-in-italia-la-produzione-di-cultura-e-leducazione-musicale-in-trentino-tr\/#primaryimage","url":"https:\/\/euricse.eu\/wp-content\/uploads\/2023\/05\/WP-127-Sacchetti-e-Ianes.jpg","contentUrl":"https:\/\/euricse.eu\/wp-content\/uploads\/2023\/05\/WP-127-Sacchetti-e-Ianes.jpg","width":603,"height":852},{"@type":"BreadcrumbList","@id":"https:\/\/euricse.eu\/it\/publications\/wp-127-23-pratiche-e-storia-della-co-programmazione-e-della-co-progettazione-in-italia-la-produzione-di-cultura-e-leducazione-musicale-in-trentino-tr\/#breadcrumb","itemListElement":[{"@type":"ListItem","position":1,"name":"Home","item":"https:\/\/euricse.eu\/it\/"},{"@type":"ListItem","position":2,"name":"Pubblicazioni","item":"https:\/\/euricse.eu\/it\/publications\/"},{"@type":"ListItem","position":3,"name":"WP 127 | 23 Pratiche e storia della \u201cCo &#8211; programmazione\u201d e della \u201cCo- progettazione\u201d in Italia: la produzione di cultura e l&#8217;educazione musicale in Trentino tra pubblico e privato non profit"}]},{"@type":"WebSite","@id":"https:\/\/euricse.eu\/en\/#website","url":"https:\/\/euricse.eu\/en\/","name":"Euricse","description":"Knowledge and innovation for cooperative and social enterprises.","potentialAction":[{"@type":"SearchAction","target":{"@type":"EntryPoint","urlTemplate":"https:\/\/euricse.eu\/en\/?s={search_term_string}"},"query-input":{"@type":"PropertyValueSpecification","valueRequired":true,"valueName":"search_term_string"}}],"inLanguage":"it-IT"}]}},"_links":{"self":[{"href":"https:\/\/euricse.eu\/it\/wp-json\/wp\/v2\/publications\/19282","targetHints":{"allow":["GET"]}}],"collection":[{"href":"https:\/\/euricse.eu\/it\/wp-json\/wp\/v2\/publications"}],"about":[{"href":"https:\/\/euricse.eu\/it\/wp-json\/wp\/v2\/types\/publications"}],"author":[{"embeddable":true,"href":"https:\/\/euricse.eu\/it\/wp-json\/wp\/v2\/users\/32"}],"replies":[{"embeddable":true,"href":"https:\/\/euricse.eu\/it\/wp-json\/wp\/v2\/comments?post=19282"}],"version-history":[{"count":2,"href":"https:\/\/euricse.eu\/it\/wp-json\/wp\/v2\/publications\/19282\/revisions"}],"predecessor-version":[{"id":19910,"href":"https:\/\/euricse.eu\/it\/wp-json\/wp\/v2\/publications\/19282\/revisions\/19910"}],"wp:featuredmedia":[{"embeddable":true,"href":"https:\/\/euricse.eu\/it\/wp-json\/wp\/v2\/media\/19279"}],"wp:attachment":[{"href":"https:\/\/euricse.eu\/it\/wp-json\/wp\/v2\/media?parent=19282"}],"wp:term":[{"taxonomy":"post_tag","embeddable":true,"href":"https:\/\/euricse.eu\/it\/wp-json\/wp\/v2\/tags?post=19282"}],"curies":[{"name":"wp","href":"https:\/\/api.w.org\/{rel}","templated":true}]}}