{"id":21152,"date":"2024-02-12T12:01:43","date_gmt":"2024-02-12T12:01:43","guid":{"rendered":"https:\/\/euricse.eu\/?post_type=publications&#038;p=21152"},"modified":"2024-03-14T09:31:20","modified_gmt":"2024-03-14T09:31:20","slug":"lavorare-in-cooperativa-oggi-la-voce-dei-nuovi-professionisti-della-cura-e-il-turn-over-nelle-imprese-sociali","status":"publish","type":"publications","link":"https:\/\/euricse.eu\/it\/publications\/lavorare-in-cooperativa-oggi-la-voce-dei-nuovi-professionisti-della-cura-e-il-turn-over-nelle-imprese-sociali\/","title":{"rendered":"LAVORARE IN COOPERATIVA OGGI. La voce dei nuovi professionisti della cura e il turn-over nelle imprese sociali"},"content":{"rendered":"<div class=\"flex-1 overflow-hidden\">\n<div class=\"react-scroll-to-bottom--css-kjmnr-79elbk h-full\">\n<div class=\"react-scroll-to-bottom--css-kjmnr-1n7m0yu\">\n<div class=\"flex flex-col pb-9 text-sm\">\n<div class=\"w-full text-token-text-primary\" data-testid=\"conversation-turn-3\">\n<div class=\"px-4 py-2 justify-center text-base md:gap-6 m-auto\">\n<div class=\"flex flex-1 text-base mx-auto gap-3 md:px-5 lg:px-1 xl:px-5 md:max-w-3xl lg:max-w-[40rem] xl:max-w-[48rem] group final-completion\">\n<div class=\"relative flex w-full flex-col lg:w-[calc(100%-115px)] agent-turn\">\n<div class=\"flex-col gap-1 md:gap-3\">\n<div class=\"flex flex-grow flex-col max-w-full\">\n<div class=\"min-h-[20px] text-message flex flex-col items-start gap-3 whitespace-pre-wrap break-words [.text-message+&amp;]:mt-5 overflow-x-auto\" data-message-author-role=\"assistant\" data-message-id=\"f1cea044-f882-4631-83d8-95c75acd2e42\"><\/div>\n<\/div>\n<\/div>\n<\/div>\n<\/div>\n<\/div>\n<\/div>\n<\/div>\n<\/div>\n<\/div>\n<\/div>\n<p>Il settore dei lavori di cura sta affrontando un aumento preoccupante del turnover tra i dipendenti, senza una corrispondente capacit\u00e0 di reclutare nuovi lavoratori. Questo fenomeno \u00e8 influenzato dalla crescente domanda di interventi nei settori educativo, socio-sanitario ed assistenziale, e dalla necessit\u00e0 di garantire la qualit\u00e0 degli interventi con professionisti adeguati, assicurando la continuit\u00e0 dei servizi agli utenti. La problematica \u00e8 stata segnalata da consorzi e cooperative sociali di Lecco e Sondrio, ma sembra essere diffusa anche a livello nazionale, coinvolgendo vari enti erogatori di servizi sociali.<\/p>\n<p>Le ricerche nazionali indicano un cambiamento nelle motivazioni dei giovani lavoratori, con una diminuzione della priorit\u00e0 attribuita al lavoro rispetto ad altri valori come divertimento, cultura e sapere. Tuttavia, una percentuale significativa di giovani \u00e8 interessata all\u2019utilit\u00e0 sociale del lavoro e alla responsabilit\u00e0 sociale delle imprese. Nel contesto dei lavori di cura, caratterizzati da utilit\u00e0 sociale ma basse remunerazioni e richieste impegnative, l&#8217;indagine svolta suggerisce che le motivazioni dei giovani potrebbero contribuire al crescente turnover.<\/p>\n<p>L&#8217;indagine condotta da Euricse nel 2023 nelle province di Lecco, Sondrio e Monza e Brianza, su 24 cooperative sociali e circa 1200 lavoratori under 35 ha esaminato le dinamiche organizzative, individuali e contestuali dei lavori di cura. La raccolta dati ha coinvolto questionari sul turnover delle cooperative, valutazioni delle politiche organizzative e delle dinamiche di contesto. La prospettiva dei giovani \u00e8 stata esplorata attraverso questionari somministrati a un ampio campione di lavoratori delle cooperative sociali del territorio. Parte dei dati \u00e8 stata discussa in quattro focus group tematici con le cooperative partecipanti alla ricerca.<\/p>\n<p>Questo rapporto presenta i risultati delle fasi di ricerca, cercando di integrare le percezioni delle cooperative e dei loro giovani lavoratori per verificare la corrispondenza di prospettive e analisi del problema. Nella seconda parte, vengono sintetizzate tali analisi, integrate con casi pratici e approfondimenti specifici al settore o alle professionalit\u00e0 coinvolte.<\/p>\n<p>La ricerca \u00e8 stata realizzata in collaborazione con Confcooperative d\u2019Adda, Consorzio Consolida e Consorzio Sol.Co Sondrio, con il finanziamento di Fondazione comunitaria del Lecchese e Fondazione Pro Valtellina.<\/p>\n<p>&nbsp;<\/p>\n<h5><a href=\"https:\/\/euricse.eu\/wp-content\/uploads\/2024\/02\/Lavorare_in_cooperativa_oggi_Summary_RR-25.24.pdf\">Executive Summary<\/a><\/h5>\n","protected":false},"excerpt":{"rendered":"<p>Questa ricerca intende esplorare le diverse cause del turn-over giovanile, analizzando motivazioni, attrazioni al lavoro, dinamiche organizzative e la capacit\u00e0 delle cooperative di coinvolgere e fidelizzare i giovani, con un focus sul contesto e sul rapporto tra privato sociale e pubblica amministrazione.<\/p>\n","protected":false},"author":32,"featured_media":21159,"parent":0,"comment_status":"closed","ping_status":"closed","template":"","meta":{"_acf_changed":false,"episode_type":"","audio_file":"","cover_image":"","cover_image_id":"","duration":"","filesize":"","date_recorded":"","explicit":"","block":"","itunes_episode_number":"","itunes_title":"","itunes_season_number":"","itunes_episode_type":"","filesize_raw":"","footnotes":""},"tags":[109,111,125,563,877,1331,1392],"class_list":["post-21152","publications","type-publications","status-publish","has-post-thumbnail","hentry","tag-cooperative","tag-imprese-sociali","tag-lavoro","tag-youth","tag-pubblica-amministrazione-2","tag-giovani","tag-privato-sociale","publications-cat-rapporti","publications-area-politiche-pubbliche","publications-area-sviluppo-locale","arguments-lavoro-e-lavoratori","arguments-welfare-e-servizi","organizational_types-impresa-sociale","organizational_types-cooperative-sociali","organizational_types-enti-di-terzo-settore"],"acf":[],"yoast_head":"<!-- This site is optimized with the Yoast SEO plugin v26.1.1 - https:\/\/yoast.com\/wordpress\/plugins\/seo\/ -->\n<title>LAVORARE IN COOPERATIVA OGGI. La voce dei nuovi professionisti della cura e il turn-over nelle imprese sociali - Euricse<\/title>\n<meta name=\"robots\" content=\"index, follow, max-snippet:-1, max-image-preview:large, max-video-preview:-1\" \/>\n<link rel=\"canonical\" href=\"https:\/\/euricse.eu\/it\/publications\/lavorare-in-cooperativa-oggi-la-voce-dei-nuovi-professionisti-della-cura-e-il-turn-over-nelle-imprese-sociali\/\" \/>\n<meta property=\"og:locale\" content=\"it_IT\" \/>\n<meta property=\"og:type\" content=\"article\" \/>\n<meta property=\"og:title\" content=\"LAVORARE IN COOPERATIVA OGGI. La voce dei nuovi professionisti della cura e il turn-over nelle imprese sociali - Euricse\" \/>\n<meta property=\"og:description\" content=\"Questa ricerca intende esplorare le diverse cause del turn-over giovanile, analizzando motivazioni, attrazioni al lavoro, dinamiche organizzative e la capacit\u00e0 delle cooperative di coinvolgere e fidelizzare i giovani, con un focus sul contesto e sul rapporto tra privato sociale e pubblica amministrazione.\" \/>\n<meta property=\"og:url\" content=\"https:\/\/euricse.eu\/it\/publications\/lavorare-in-cooperativa-oggi-la-voce-dei-nuovi-professionisti-della-cura-e-il-turn-over-nelle-imprese-sociali\/\" \/>\n<meta property=\"og:site_name\" content=\"Euricse\" \/>\n<meta property=\"article:modified_time\" content=\"2024-03-14T09:31:20+00:00\" \/>\n<meta property=\"og:image\" content=\"https:\/\/euricse.eu\/wp-content\/uploads\/2024\/02\/Lavorare_in_cooperativa_oggi_RR-35.24-copertina.jpg\" \/>\n\t<meta property=\"og:image:width\" content=\"1240\" \/>\n\t<meta property=\"og:image:height\" content=\"1755\" \/>\n\t<meta property=\"og:image:type\" content=\"image\/jpeg\" \/>\n<meta name=\"twitter:card\" content=\"summary_large_image\" \/>\n<meta name=\"twitter:label1\" content=\"Tempo di lettura stimato\" \/>\n\t<meta name=\"twitter:data1\" content=\"2 minuti\" \/>\n<script type=\"application\/ld+json\" class=\"yoast-schema-graph\">{\"@context\":\"https:\/\/schema.org\",\"@graph\":[{\"@type\":\"WebPage\",\"@id\":\"https:\/\/euricse.eu\/it\/publications\/lavorare-in-cooperativa-oggi-la-voce-dei-nuovi-professionisti-della-cura-e-il-turn-over-nelle-imprese-sociali\/\",\"url\":\"https:\/\/euricse.eu\/it\/publications\/lavorare-in-cooperativa-oggi-la-voce-dei-nuovi-professionisti-della-cura-e-il-turn-over-nelle-imprese-sociali\/\",\"name\":\"LAVORARE IN COOPERATIVA OGGI. La voce dei nuovi professionisti della cura e il turn-over nelle imprese sociali - Euricse\",\"isPartOf\":{\"@id\":\"https:\/\/euricse.eu\/en\/#website\"},\"primaryImageOfPage\":{\"@id\":\"https:\/\/euricse.eu\/it\/publications\/lavorare-in-cooperativa-oggi-la-voce-dei-nuovi-professionisti-della-cura-e-il-turn-over-nelle-imprese-sociali\/#primaryimage\"},\"image\":{\"@id\":\"https:\/\/euricse.eu\/it\/publications\/lavorare-in-cooperativa-oggi-la-voce-dei-nuovi-professionisti-della-cura-e-il-turn-over-nelle-imprese-sociali\/#primaryimage\"},\"thumbnailUrl\":\"https:\/\/euricse.eu\/wp-content\/uploads\/2024\/02\/Lavorare_in_cooperativa_oggi_RR-35.24-copertina.jpg\",\"datePublished\":\"2024-02-12T12:01:43+00:00\",\"dateModified\":\"2024-03-14T09:31:20+00:00\",\"breadcrumb\":{\"@id\":\"https:\/\/euricse.eu\/it\/publications\/lavorare-in-cooperativa-oggi-la-voce-dei-nuovi-professionisti-della-cura-e-il-turn-over-nelle-imprese-sociali\/#breadcrumb\"},\"inLanguage\":\"it-IT\",\"potentialAction\":[{\"@type\":\"ReadAction\",\"target\":[\"https:\/\/euricse.eu\/it\/publications\/lavorare-in-cooperativa-oggi-la-voce-dei-nuovi-professionisti-della-cura-e-il-turn-over-nelle-imprese-sociali\/\"]}]},{\"@type\":\"ImageObject\",\"inLanguage\":\"it-IT\",\"@id\":\"https:\/\/euricse.eu\/it\/publications\/lavorare-in-cooperativa-oggi-la-voce-dei-nuovi-professionisti-della-cura-e-il-turn-over-nelle-imprese-sociali\/#primaryimage\",\"url\":\"https:\/\/euricse.eu\/wp-content\/uploads\/2024\/02\/Lavorare_in_cooperativa_oggi_RR-35.24-copertina.jpg\",\"contentUrl\":\"https:\/\/euricse.eu\/wp-content\/uploads\/2024\/02\/Lavorare_in_cooperativa_oggi_RR-35.24-copertina.jpg\",\"width\":1240,\"height\":1755},{\"@type\":\"BreadcrumbList\",\"@id\":\"https:\/\/euricse.eu\/it\/publications\/lavorare-in-cooperativa-oggi-la-voce-dei-nuovi-professionisti-della-cura-e-il-turn-over-nelle-imprese-sociali\/#breadcrumb\",\"itemListElement\":[{\"@type\":\"ListItem\",\"position\":1,\"name\":\"Home\",\"item\":\"https:\/\/euricse.eu\/it\/\"},{\"@type\":\"ListItem\",\"position\":2,\"name\":\"Pubblicazioni\",\"item\":\"https:\/\/euricse.eu\/it\/publications\/\"},{\"@type\":\"ListItem\",\"position\":3,\"name\":\"LAVORARE IN COOPERATIVA OGGI. La voce dei nuovi professionisti della cura e il turn-over nelle imprese sociali\"}]},{\"@type\":\"WebSite\",\"@id\":\"https:\/\/euricse.eu\/en\/#website\",\"url\":\"https:\/\/euricse.eu\/en\/\",\"name\":\"Euricse\",\"description\":\"Knowledge and innovation for cooperative and social enterprises.\",\"potentialAction\":[{\"@type\":\"SearchAction\",\"target\":{\"@type\":\"EntryPoint\",\"urlTemplate\":\"https:\/\/euricse.eu\/en\/?s={search_term_string}\"},\"query-input\":{\"@type\":\"PropertyValueSpecification\",\"valueRequired\":true,\"valueName\":\"search_term_string\"}}],\"inLanguage\":\"it-IT\"}]}<\/script>\n<!-- \/ Yoast SEO plugin. -->","yoast_head_json":{"title":"LAVORARE IN COOPERATIVA OGGI. La voce dei nuovi professionisti della cura e il turn-over nelle imprese sociali - Euricse","robots":{"index":"index","follow":"follow","max-snippet":"max-snippet:-1","max-image-preview":"max-image-preview:large","max-video-preview":"max-video-preview:-1"},"canonical":"https:\/\/euricse.eu\/it\/publications\/lavorare-in-cooperativa-oggi-la-voce-dei-nuovi-professionisti-della-cura-e-il-turn-over-nelle-imprese-sociali\/","og_locale":"it_IT","og_type":"article","og_title":"LAVORARE IN COOPERATIVA OGGI. La voce dei nuovi professionisti della cura e il turn-over nelle imprese sociali - Euricse","og_description":"Questa ricerca intende esplorare le diverse cause del turn-over giovanile, analizzando motivazioni, attrazioni al lavoro, dinamiche organizzative e la capacit\u00e0 delle cooperative di coinvolgere e fidelizzare i giovani, con un focus sul contesto e sul rapporto tra privato sociale e pubblica amministrazione.","og_url":"https:\/\/euricse.eu\/it\/publications\/lavorare-in-cooperativa-oggi-la-voce-dei-nuovi-professionisti-della-cura-e-il-turn-over-nelle-imprese-sociali\/","og_site_name":"Euricse","article_modified_time":"2024-03-14T09:31:20+00:00","og_image":[{"width":1240,"height":1755,"url":"https:\/\/euricse.eu\/wp-content\/uploads\/2024\/02\/Lavorare_in_cooperativa_oggi_RR-35.24-copertina.jpg","type":"image\/jpeg"}],"twitter_card":"summary_large_image","twitter_misc":{"Tempo di lettura stimato":"2 minuti"},"schema":{"@context":"https:\/\/schema.org","@graph":[{"@type":"WebPage","@id":"https:\/\/euricse.eu\/it\/publications\/lavorare-in-cooperativa-oggi-la-voce-dei-nuovi-professionisti-della-cura-e-il-turn-over-nelle-imprese-sociali\/","url":"https:\/\/euricse.eu\/it\/publications\/lavorare-in-cooperativa-oggi-la-voce-dei-nuovi-professionisti-della-cura-e-il-turn-over-nelle-imprese-sociali\/","name":"LAVORARE IN COOPERATIVA OGGI. La voce dei nuovi professionisti della cura e il turn-over nelle imprese sociali - Euricse","isPartOf":{"@id":"https:\/\/euricse.eu\/en\/#website"},"primaryImageOfPage":{"@id":"https:\/\/euricse.eu\/it\/publications\/lavorare-in-cooperativa-oggi-la-voce-dei-nuovi-professionisti-della-cura-e-il-turn-over-nelle-imprese-sociali\/#primaryimage"},"image":{"@id":"https:\/\/euricse.eu\/it\/publications\/lavorare-in-cooperativa-oggi-la-voce-dei-nuovi-professionisti-della-cura-e-il-turn-over-nelle-imprese-sociali\/#primaryimage"},"thumbnailUrl":"https:\/\/euricse.eu\/wp-content\/uploads\/2024\/02\/Lavorare_in_cooperativa_oggi_RR-35.24-copertina.jpg","datePublished":"2024-02-12T12:01:43+00:00","dateModified":"2024-03-14T09:31:20+00:00","breadcrumb":{"@id":"https:\/\/euricse.eu\/it\/publications\/lavorare-in-cooperativa-oggi-la-voce-dei-nuovi-professionisti-della-cura-e-il-turn-over-nelle-imprese-sociali\/#breadcrumb"},"inLanguage":"it-IT","potentialAction":[{"@type":"ReadAction","target":["https:\/\/euricse.eu\/it\/publications\/lavorare-in-cooperativa-oggi-la-voce-dei-nuovi-professionisti-della-cura-e-il-turn-over-nelle-imprese-sociali\/"]}]},{"@type":"ImageObject","inLanguage":"it-IT","@id":"https:\/\/euricse.eu\/it\/publications\/lavorare-in-cooperativa-oggi-la-voce-dei-nuovi-professionisti-della-cura-e-il-turn-over-nelle-imprese-sociali\/#primaryimage","url":"https:\/\/euricse.eu\/wp-content\/uploads\/2024\/02\/Lavorare_in_cooperativa_oggi_RR-35.24-copertina.jpg","contentUrl":"https:\/\/euricse.eu\/wp-content\/uploads\/2024\/02\/Lavorare_in_cooperativa_oggi_RR-35.24-copertina.jpg","width":1240,"height":1755},{"@type":"BreadcrumbList","@id":"https:\/\/euricse.eu\/it\/publications\/lavorare-in-cooperativa-oggi-la-voce-dei-nuovi-professionisti-della-cura-e-il-turn-over-nelle-imprese-sociali\/#breadcrumb","itemListElement":[{"@type":"ListItem","position":1,"name":"Home","item":"https:\/\/euricse.eu\/it\/"},{"@type":"ListItem","position":2,"name":"Pubblicazioni","item":"https:\/\/euricse.eu\/it\/publications\/"},{"@type":"ListItem","position":3,"name":"LAVORARE IN COOPERATIVA OGGI. La voce dei nuovi professionisti della cura e il turn-over nelle imprese sociali"}]},{"@type":"WebSite","@id":"https:\/\/euricse.eu\/en\/#website","url":"https:\/\/euricse.eu\/en\/","name":"Euricse","description":"Knowledge and innovation for cooperative and social enterprises.","potentialAction":[{"@type":"SearchAction","target":{"@type":"EntryPoint","urlTemplate":"https:\/\/euricse.eu\/en\/?s={search_term_string}"},"query-input":{"@type":"PropertyValueSpecification","valueRequired":true,"valueName":"search_term_string"}}],"inLanguage":"it-IT"}]}},"_links":{"self":[{"href":"https:\/\/euricse.eu\/it\/wp-json\/wp\/v2\/publications\/21152","targetHints":{"allow":["GET"]}}],"collection":[{"href":"https:\/\/euricse.eu\/it\/wp-json\/wp\/v2\/publications"}],"about":[{"href":"https:\/\/euricse.eu\/it\/wp-json\/wp\/v2\/types\/publications"}],"author":[{"embeddable":true,"href":"https:\/\/euricse.eu\/it\/wp-json\/wp\/v2\/users\/32"}],"replies":[{"embeddable":true,"href":"https:\/\/euricse.eu\/it\/wp-json\/wp\/v2\/comments?post=21152"}],"version-history":[{"count":2,"href":"https:\/\/euricse.eu\/it\/wp-json\/wp\/v2\/publications\/21152\/revisions"}],"predecessor-version":[{"id":22037,"href":"https:\/\/euricse.eu\/it\/wp-json\/wp\/v2\/publications\/21152\/revisions\/22037"}],"wp:featuredmedia":[{"embeddable":true,"href":"https:\/\/euricse.eu\/it\/wp-json\/wp\/v2\/media\/21159"}],"wp:attachment":[{"href":"https:\/\/euricse.eu\/it\/wp-json\/wp\/v2\/media?parent=21152"}],"wp:term":[{"taxonomy":"post_tag","embeddable":true,"href":"https:\/\/euricse.eu\/it\/wp-json\/wp\/v2\/tags?post=21152"}],"curies":[{"name":"wp","href":"https:\/\/api.w.org\/{rel}","templated":true}]}}