{"id":29138,"date":"2026-01-21T06:00:02","date_gmt":"2026-01-21T06:00:02","guid":{"rendered":"https:\/\/euricse.eu\/?post_type=publications&#038;p=29138"},"modified":"2026-01-21T13:58:37","modified_gmt":"2026-01-21T13:58:37","slug":"economia-sociale-2025-evidenze-sfide-e-traiettorie-per-litalia","status":"publish","type":"publications","link":"https:\/\/euricse.eu\/it\/publications\/economia-sociale-2025-evidenze-sfide-e-traiettorie-per-litalia\/","title":{"rendered":"Economia sociale 2025. Evidenze, sfide e traiettorie per l\u2019Italia"},"content":{"rendered":"<p data-start=\"368\" data-end=\"753\">Il volume <strong data-start=\"378\" data-end=\"449\"><em data-start=\"380\" data-end=\"447\">Economia sociale 2025. Evidenze, sfide e traiettorie per l\u2019Italia<\/em><\/strong>, a cura di <strong data-start=\"461\" data-end=\"499\">Gianluca Salvatori e Chiara Carini<\/strong>, \u00e8 il risultato di un lavoro corale che offre un\u2019analisi approfondita e aggiornata del ruolo dell\u2019economia sociale nel contesto italiano ed europeo, mettendone in luce dimensioni, dinamiche evolutive e potenzialit\u00e0 strategiche per lo sviluppo del Paese.<\/p>\n<p data-start=\"755\" data-end=\"1289\">Muovendo dal quadro delle politiche europee e nazionali \u2013 in particolare dal <strong data-start=\"832\" data-end=\"881\">Piano d\u2019azione europeo per l\u2019economia sociale<\/strong> e dal nascente <strong data-start=\"897\" data-end=\"925\">Piano d\u2019azione nazionale<\/strong> \u2013 il volume ricostruisce il percorso di progressivo riconoscimento istituzionale dell\u2019economia sociale come ecosistema capace di connettere crescita economica, coesione sociale e sostenibilit\u00e0 ambientale. In questa prospettiva, l\u2019economia sociale emerge non come ambito residuale o compensativo, ma come componente strutturale dei processi di transizione in atto.<\/p>\n<p data-start=\"1291\" data-end=\"1632\">Attraverso l\u2019attivit\u00e0 dell\u2019<strong data-start=\"1318\" data-end=\"1367\">Osservatorio sull\u2019Economia Sociale di EURICSE<\/strong>, il volume propone una lettura fondata su evidenze statistiche e analisi qualitative, offrendo una mappatura delle organizzazioni che compongono il settore, delle loro caratteristiche distintive e dei principali fattori che ne favoriscono o ostacolano lo sviluppo.<\/p>\n<h5 data-start=\"1639\" data-end=\"1665\">I contenuti<\/h5>\n<p data-start=\"1667\" data-end=\"1731\">La <strong data-start=\"1670\" data-end=\"1685\">prima parte<\/strong>\u00a0 \u00e8 dedicata al contesto europeo e nazionale.<\/p>\n<ul data-start=\"1732\" data-end=\"2543\">\n<li data-start=\"1732\" data-end=\"1972\">\n<p data-start=\"1734\" data-end=\"1972\"><strong data-start=\"1734\" data-end=\"1776\">Sara de Heusch (SOCIAL ECONOMY EUROPE)<\/strong> analizza l\u2019evoluzione delle politiche europee per l\u2019economia sociale, con particolare attenzione al Piano d\u2019azione dell\u2019Unione europea e al ruolo del settore nelle transizioni verde e digitale.<\/p>\n<\/li>\n<li data-start=\"1973\" data-end=\"2261\">\n<p data-start=\"1975\" data-end=\"2261\"><strong data-start=\"1975\" data-end=\"2007\">Gianluca Salvatori (EURICSE)<\/strong> approfondisce il Piano d\u2019azione nazionale, interpretandolo come risposta al \u201cdeficit di azione pubblica\u201d e come tentativo di superare la frammentazione delle politiche, restituendo all\u2019economia sociale una funzione strategica nello sviluppo del Paese.<\/p>\n<\/li>\n<li data-start=\"2262\" data-end=\"2543\">\n<p data-start=\"2264\" data-end=\"2543\"><strong data-start=\"2264\" data-end=\"2324\">Chiara Carini (EURICSE), Simel Esim e Hyungsik Eum (ILO)<\/strong> si concentrano sul ruolo delle statistiche, evidenziando l\u2019importanza della misurazione per rendere visibile il peso reale dell\u2019economia sociale e supportare decisioni pubbliche basate su dati affidabili e comparabili.<\/p>\n<\/li>\n<\/ul>\n<p>&nbsp;<\/p>\n<p data-start=\"2545\" data-end=\"2607\">La <strong data-start=\"2548\" data-end=\"2565\">seconda parte<\/strong> approfondisce due assi tematici centrali.<\/p>\n<h5 data-start=\"2609\" data-end=\"2646\"><strong data-start=\"2609\" data-end=\"2644\">Il lavoro nell\u2019economia sociale<\/strong><\/h5>\n<ul data-start=\"2647\" data-end=\"3293\">\n<li data-start=\"2647\" data-end=\"2870\">\n<p data-start=\"2649\" data-end=\"2870\"><strong data-start=\"2649\" data-end=\"2717\">Chiara Carini (EURICSE) ed Ermanno Tortia (Universit\u00e0 di Trento)<\/strong> analizzano le caratteristiche occupazionali del settore, mettendone in luce potenzialit\u00e0 e criticit\u00e0 in termini di qualit\u00e0 del lavoro e sostenibilit\u00e0.<\/p>\n<\/li>\n<li data-start=\"2871\" data-end=\"3119\">\n<p data-start=\"2873\" data-end=\"3119\"><strong data-start=\"2873\" data-end=\"2943\">Sabrina Stoppiello, Stefania Della Queva e Manuela Nicosia (ISTAT)<\/strong> approfondiscono il ruolo del volontariato come infrastruttura civica fondamentale per la partecipazione, la coesione sociale e la capacit\u00e0 di risposta ai bisogni collettivi.<\/p>\n<\/li>\n<li data-start=\"3120\" data-end=\"3293\">\n<p data-start=\"3122\" data-end=\"3293\"><strong data-start=\"3122\" data-end=\"3163\">Gianfranco Marocchi (rivista Impresa Sociale)<\/strong> esamina il contributo dell\u2019economia sociale alle politiche di integrazione lavorativa e all\u2019inclusione delle persone pi\u00f9 fragili.<\/p>\n<\/li>\n<\/ul>\n<h5 data-start=\"3295\" data-end=\"3329\"><strong data-start=\"3295\" data-end=\"3327\">Economia sociale e territori<\/strong><\/h5>\n<ul data-start=\"3330\" data-end=\"3952\">\n<li data-start=\"3330\" data-end=\"3510\">\n<p data-start=\"3332\" data-end=\"3510\"><strong data-start=\"3332\" data-end=\"3393\">Sara Depedri, Michele Mazzetti e Giacomo Pisani (EURICSE)<\/strong> analizzano il contributo dell\u2019economia sociale nel sostegno alla salute, mettendo in evidenza il ruolo delle organizzazioni dell\u2019economia sociale nella riorganizzazione dell\u2019assistenza socio-sanitaria territoriale fondata sui principi di integrazione, prossimit\u00e0 e partecipazione.<\/p>\n<\/li>\n<li data-start=\"3511\" data-end=\"3755\">\n<p data-start=\"3513\" data-end=\"3755\"><strong data-start=\"3513\" data-end=\"3594\">Jacopo Sforzi, Giulia Galera, Caterina Ottobrini e Giulia Tallarini (EURICSE)<\/strong> si concentrano sul contributo allo sviluppo locale, con particolare attenzione alle aree rurali e alla capacit\u00e0 dei territori di attivare risposte innovative.<\/p>\n<\/li>\n<li data-start=\"3756\" data-end=\"3952\">\n<p data-start=\"3758\" data-end=\"3952\"><strong data-start=\"3758\" data-end=\"3838\">Stefano Consiglio (Fondazione Con il Sud \u2013 Universit\u00e0 di Napoli Federico II)<\/strong> approfondisce il ruolo dell\u2019economia sociale nei processi di rigenerazione sociale e demografica del Mezzogiorno.<\/p>\n<\/li>\n<\/ul>\n<p data-start=\"3954\" data-end=\"4315\">Il volume si conclude con il contributo di <strong data-start=\"3997\" data-end=\"4051\">Lorenzo Sacconi (Universit\u00e0 degli Studi di Milano)<\/strong>, che colloca l\u2019economia sociale nella <strong data-start=\"4090\" data-end=\"4129\">nuova analisi economica del diritto<\/strong>, evidenziandone la capacit\u00e0 di generare valore collettivo attraverso modelli organizzativi fondati sulla partecipazione, sul reinvestimento degli utili e sulla centralit\u00e0 delle persone.<\/p>\n","protected":false},"excerpt":{"rendered":"<p>Questo volume nasce da un lavoro collettivo di studiosi ed esperti e offre un\u2019analisi approfondita e aggiornata del ruolo dell\u2019economia sociale nel contesto italiano ed europeo, evidenziandone il contributo allo sviluppo sostenibile, all\u2019occupazione, ai territori e alle politiche pubbliche. <\/p>\n","protected":false},"author":32,"featured_media":29102,"parent":0,"comment_status":"closed","ping_status":"closed","template":"","meta":{"_acf_changed":false,"episode_type":"","audio_file":"","cover_image":"","cover_image_id":"","duration":"","filesize":"","date_recorded":"","explicit":"","block":"","itunes_episode_number":"","itunes_title":"","itunes_season_number":"","itunes_episode_type":"","filesize_raw":"","footnotes":""},"tags":[121,2312],"class_list":["post-29138","publications","type-publications","status-publish","has-post-thumbnail","hentry","tag-economia-sociale","tag-osservatorio-sulleconomia-sociale","publications-cat-rapporti","publications-area-politiche-pubbliche","publications-area-sviluppo-locale","arguments-misurazione-e-statistiche","arguments-sviluppo-locale","organizational_types-economia-sociale"],"acf":[],"yoast_head":"<!-- This site is optimized with the Yoast SEO plugin v26.1.1 - https:\/\/yoast.com\/wordpress\/plugins\/seo\/ -->\n<title>Economia sociale 2025. Evidenze, sfide e traiettorie per l\u2019Italia - Euricse<\/title>\n<meta name=\"robots\" content=\"index, follow, max-snippet:-1, max-image-preview:large, max-video-preview:-1\" \/>\n<link rel=\"canonical\" href=\"https:\/\/euricse.eu\/it\/publications\/economia-sociale-2025-evidenze-sfide-e-traiettorie-per-litalia\/\" \/>\n<meta property=\"og:locale\" content=\"it_IT\" \/>\n<meta property=\"og:type\" content=\"article\" \/>\n<meta property=\"og:title\" content=\"Economia sociale 2025. Evidenze, sfide e traiettorie per l\u2019Italia - Euricse\" \/>\n<meta property=\"og:description\" content=\"Questo volume nasce da un lavoro collettivo di studiosi ed esperti e offre un\u2019analisi approfondita e aggiornata del ruolo dell\u2019economia sociale nel contesto italiano ed europeo, evidenziandone il contributo allo sviluppo sostenibile, all\u2019occupazione, ai territori e alle politiche pubbliche.\" \/>\n<meta property=\"og:url\" content=\"https:\/\/euricse.eu\/it\/publications\/economia-sociale-2025-evidenze-sfide-e-traiettorie-per-litalia\/\" \/>\n<meta property=\"og:site_name\" content=\"Euricse\" \/>\n<meta property=\"article:modified_time\" content=\"2026-01-21T13:58:37+00:00\" \/>\n<meta property=\"og:image\" content=\"https:\/\/euricse.eu\/wp-content\/uploads\/2026\/01\/copertina-libro-economia-sociale-scaled.jpg\" \/>\n\t<meta property=\"og:image:width\" content=\"1811\" \/>\n\t<meta property=\"og:image:height\" content=\"2560\" \/>\n\t<meta property=\"og:image:type\" content=\"image\/jpeg\" \/>\n<meta name=\"twitter:card\" content=\"summary_large_image\" \/>\n<meta name=\"twitter:label1\" content=\"Tempo di lettura stimato\" \/>\n\t<meta name=\"twitter:data1\" content=\"3 minuti\" \/>\n<script type=\"application\/ld+json\" class=\"yoast-schema-graph\">{\"@context\":\"https:\/\/schema.org\",\"@graph\":[{\"@type\":\"WebPage\",\"@id\":\"https:\/\/euricse.eu\/it\/publications\/economia-sociale-2025-evidenze-sfide-e-traiettorie-per-litalia\/\",\"url\":\"https:\/\/euricse.eu\/it\/publications\/economia-sociale-2025-evidenze-sfide-e-traiettorie-per-litalia\/\",\"name\":\"Economia sociale 2025. Evidenze, sfide e traiettorie per l\u2019Italia - Euricse\",\"isPartOf\":{\"@id\":\"https:\/\/euricse.eu\/en\/#website\"},\"primaryImageOfPage\":{\"@id\":\"https:\/\/euricse.eu\/it\/publications\/economia-sociale-2025-evidenze-sfide-e-traiettorie-per-litalia\/#primaryimage\"},\"image\":{\"@id\":\"https:\/\/euricse.eu\/it\/publications\/economia-sociale-2025-evidenze-sfide-e-traiettorie-per-litalia\/#primaryimage\"},\"thumbnailUrl\":\"https:\/\/euricse.eu\/wp-content\/uploads\/2026\/01\/copertina-libro-economia-sociale-scaled.jpg\",\"datePublished\":\"2026-01-21T06:00:02+00:00\",\"dateModified\":\"2026-01-21T13:58:37+00:00\",\"breadcrumb\":{\"@id\":\"https:\/\/euricse.eu\/it\/publications\/economia-sociale-2025-evidenze-sfide-e-traiettorie-per-litalia\/#breadcrumb\"},\"inLanguage\":\"it-IT\",\"potentialAction\":[{\"@type\":\"ReadAction\",\"target\":[\"https:\/\/euricse.eu\/it\/publications\/economia-sociale-2025-evidenze-sfide-e-traiettorie-per-litalia\/\"]}]},{\"@type\":\"ImageObject\",\"inLanguage\":\"it-IT\",\"@id\":\"https:\/\/euricse.eu\/it\/publications\/economia-sociale-2025-evidenze-sfide-e-traiettorie-per-litalia\/#primaryimage\",\"url\":\"https:\/\/euricse.eu\/wp-content\/uploads\/2026\/01\/copertina-libro-economia-sociale-scaled.jpg\",\"contentUrl\":\"https:\/\/euricse.eu\/wp-content\/uploads\/2026\/01\/copertina-libro-economia-sociale-scaled.jpg\",\"width\":1811,\"height\":2560},{\"@type\":\"BreadcrumbList\",\"@id\":\"https:\/\/euricse.eu\/it\/publications\/economia-sociale-2025-evidenze-sfide-e-traiettorie-per-litalia\/#breadcrumb\",\"itemListElement\":[{\"@type\":\"ListItem\",\"position\":1,\"name\":\"Home\",\"item\":\"https:\/\/euricse.eu\/it\/\"},{\"@type\":\"ListItem\",\"position\":2,\"name\":\"Pubblicazioni\",\"item\":\"https:\/\/euricse.eu\/it\/publications\/\"},{\"@type\":\"ListItem\",\"position\":3,\"name\":\"Economia sociale 2025. Evidenze, sfide e traiettorie per l\u2019Italia\"}]},{\"@type\":\"WebSite\",\"@id\":\"https:\/\/euricse.eu\/en\/#website\",\"url\":\"https:\/\/euricse.eu\/en\/\",\"name\":\"Euricse\",\"description\":\"Knowledge and innovation for cooperative and social enterprises.\",\"potentialAction\":[{\"@type\":\"SearchAction\",\"target\":{\"@type\":\"EntryPoint\",\"urlTemplate\":\"https:\/\/euricse.eu\/en\/?s={search_term_string}\"},\"query-input\":{\"@type\":\"PropertyValueSpecification\",\"valueRequired\":true,\"valueName\":\"search_term_string\"}}],\"inLanguage\":\"it-IT\"}]}<\/script>\n<!-- \/ Yoast SEO plugin. -->","yoast_head_json":{"title":"Economia sociale 2025. Evidenze, sfide e traiettorie per l\u2019Italia - Euricse","robots":{"index":"index","follow":"follow","max-snippet":"max-snippet:-1","max-image-preview":"max-image-preview:large","max-video-preview":"max-video-preview:-1"},"canonical":"https:\/\/euricse.eu\/it\/publications\/economia-sociale-2025-evidenze-sfide-e-traiettorie-per-litalia\/","og_locale":"it_IT","og_type":"article","og_title":"Economia sociale 2025. Evidenze, sfide e traiettorie per l\u2019Italia - Euricse","og_description":"Questo volume nasce da un lavoro collettivo di studiosi ed esperti e offre un\u2019analisi approfondita e aggiornata del ruolo dell\u2019economia sociale nel contesto italiano ed europeo, evidenziandone il contributo allo sviluppo sostenibile, all\u2019occupazione, ai territori e alle politiche pubbliche.","og_url":"https:\/\/euricse.eu\/it\/publications\/economia-sociale-2025-evidenze-sfide-e-traiettorie-per-litalia\/","og_site_name":"Euricse","article_modified_time":"2026-01-21T13:58:37+00:00","og_image":[{"width":1811,"height":2560,"url":"https:\/\/euricse.eu\/wp-content\/uploads\/2026\/01\/copertina-libro-economia-sociale-scaled.jpg","type":"image\/jpeg"}],"twitter_card":"summary_large_image","twitter_misc":{"Tempo di lettura stimato":"3 minuti"},"schema":{"@context":"https:\/\/schema.org","@graph":[{"@type":"WebPage","@id":"https:\/\/euricse.eu\/it\/publications\/economia-sociale-2025-evidenze-sfide-e-traiettorie-per-litalia\/","url":"https:\/\/euricse.eu\/it\/publications\/economia-sociale-2025-evidenze-sfide-e-traiettorie-per-litalia\/","name":"Economia sociale 2025. Evidenze, sfide e traiettorie per l\u2019Italia - Euricse","isPartOf":{"@id":"https:\/\/euricse.eu\/en\/#website"},"primaryImageOfPage":{"@id":"https:\/\/euricse.eu\/it\/publications\/economia-sociale-2025-evidenze-sfide-e-traiettorie-per-litalia\/#primaryimage"},"image":{"@id":"https:\/\/euricse.eu\/it\/publications\/economia-sociale-2025-evidenze-sfide-e-traiettorie-per-litalia\/#primaryimage"},"thumbnailUrl":"https:\/\/euricse.eu\/wp-content\/uploads\/2026\/01\/copertina-libro-economia-sociale-scaled.jpg","datePublished":"2026-01-21T06:00:02+00:00","dateModified":"2026-01-21T13:58:37+00:00","breadcrumb":{"@id":"https:\/\/euricse.eu\/it\/publications\/economia-sociale-2025-evidenze-sfide-e-traiettorie-per-litalia\/#breadcrumb"},"inLanguage":"it-IT","potentialAction":[{"@type":"ReadAction","target":["https:\/\/euricse.eu\/it\/publications\/economia-sociale-2025-evidenze-sfide-e-traiettorie-per-litalia\/"]}]},{"@type":"ImageObject","inLanguage":"it-IT","@id":"https:\/\/euricse.eu\/it\/publications\/economia-sociale-2025-evidenze-sfide-e-traiettorie-per-litalia\/#primaryimage","url":"https:\/\/euricse.eu\/wp-content\/uploads\/2026\/01\/copertina-libro-economia-sociale-scaled.jpg","contentUrl":"https:\/\/euricse.eu\/wp-content\/uploads\/2026\/01\/copertina-libro-economia-sociale-scaled.jpg","width":1811,"height":2560},{"@type":"BreadcrumbList","@id":"https:\/\/euricse.eu\/it\/publications\/economia-sociale-2025-evidenze-sfide-e-traiettorie-per-litalia\/#breadcrumb","itemListElement":[{"@type":"ListItem","position":1,"name":"Home","item":"https:\/\/euricse.eu\/it\/"},{"@type":"ListItem","position":2,"name":"Pubblicazioni","item":"https:\/\/euricse.eu\/it\/publications\/"},{"@type":"ListItem","position":3,"name":"Economia sociale 2025. Evidenze, sfide e traiettorie per l\u2019Italia"}]},{"@type":"WebSite","@id":"https:\/\/euricse.eu\/en\/#website","url":"https:\/\/euricse.eu\/en\/","name":"Euricse","description":"Knowledge and innovation for cooperative and social enterprises.","potentialAction":[{"@type":"SearchAction","target":{"@type":"EntryPoint","urlTemplate":"https:\/\/euricse.eu\/en\/?s={search_term_string}"},"query-input":{"@type":"PropertyValueSpecification","valueRequired":true,"valueName":"search_term_string"}}],"inLanguage":"it-IT"}]}},"_links":{"self":[{"href":"https:\/\/euricse.eu\/it\/wp-json\/wp\/v2\/publications\/29138","targetHints":{"allow":["GET"]}}],"collection":[{"href":"https:\/\/euricse.eu\/it\/wp-json\/wp\/v2\/publications"}],"about":[{"href":"https:\/\/euricse.eu\/it\/wp-json\/wp\/v2\/types\/publications"}],"author":[{"embeddable":true,"href":"https:\/\/euricse.eu\/it\/wp-json\/wp\/v2\/users\/32"}],"replies":[{"embeddable":true,"href":"https:\/\/euricse.eu\/it\/wp-json\/wp\/v2\/comments?post=29138"}],"version-history":[{"count":2,"href":"https:\/\/euricse.eu\/it\/wp-json\/wp\/v2\/publications\/29138\/revisions"}],"predecessor-version":[{"id":29178,"href":"https:\/\/euricse.eu\/it\/wp-json\/wp\/v2\/publications\/29138\/revisions\/29178"}],"wp:featuredmedia":[{"embeddable":true,"href":"https:\/\/euricse.eu\/it\/wp-json\/wp\/v2\/media\/29102"}],"wp:attachment":[{"href":"https:\/\/euricse.eu\/it\/wp-json\/wp\/v2\/media?parent=29138"}],"wp:term":[{"taxonomy":"post_tag","embeddable":true,"href":"https:\/\/euricse.eu\/it\/wp-json\/wp\/v2\/tags?post=29138"}],"curies":[{"name":"wp","href":"https:\/\/api.w.org\/{rel}","templated":true}]}}