{"id":13522,"date":"2022-01-20T16:34:22","date_gmt":"2022-01-20T16:34:22","guid":{"rendered":"https:\/\/euricse.hgblu.dev\/?post_type=research_projects&#038;p=13522"},"modified":"2022-04-04T16:20:23","modified_gmt":"2022-04-04T15:20:23","slug":"comunita-intraprendenti-2","status":"publish","type":"research_projects","link":"https:\/\/euricse.eu\/it\/research_projects\/comunita-intraprendenti-2\/","title":{"rendered":"Comunit\u00e0 Intraprendenti"},"content":{"rendered":"<h4><img loading=\"lazy\" decoding=\"async\" class=\"alignnone size-medium wp-image-14434\" src=\"https:\/\/euricse.eu\/wp-content\/uploads\/2022\/01\/Comunita_Intraprendenti_logo-1-300x132.jpg\" alt=\"\" width=\"300\" height=\"132\" srcset=\"https:\/\/euricse.eu\/wp-content\/uploads\/2022\/01\/Comunita_Intraprendenti_logo-1-300x132.jpg 300w, https:\/\/euricse.eu\/wp-content\/uploads\/2022\/01\/Comunita_Intraprendenti_logo-1.jpg 500w\" sizes=\"auto, (max-width: 300px) 100vw, 300px\" \/><\/h4>\n<p><span style=\"font-weight: 400;\">Le<strong> comunit\u00e0 intraprendenti<\/strong>, formatesi nell\u2019ambito di differenti modelli di sviluppo locale, sono un fenomeno tipico dell\u2019industrializzazione italiana: basti pensare al modello cooperativo e a quello dei distretti industriali, ai cluster urbani di piccole e medie imprese e alle reti d\u2019impresa. <\/span><span style=\"font-weight: 400;\">La capacit\u00e0 delle comunit\u00e0 locali di auto-organizzarsi \u00e8 tornata recentemente di attualit\u00e0 in seguito alla comparsa di forme organizzative innovative in settori quali le filiere di produzione e di consumo sostenibile, l\u2019economia circolare, l\u2019innovazione culturale e l\u2019offerta di servizi in aree urbane e marginali. Esperienze la cui importanza \u00e8 destinata a crescere nell\u2019ottica di risollevarsi dalla crisi seguita all\u2019emergenza da Covid-19.\u00a0<\/span>La loro capacit\u00e0 di fronteggiare, attraverso soluzioni innovative, il cambiamento socio-economico li rende una soluzione concreta per superare i problemi delle comunit\u00e0 locali, per contribuire al miglioramento della qualit\u00e0 di vita degli abitanti dei luoghi in cui si sviluppano e per contribuire cos\u00ec a ridisegnare la societ\u00e0 del futuro.<\/p>\n<p>&nbsp;<\/p>\n<h5><strong>Tematica<\/strong><\/h5>\n<p>Euricse, con il contributo di <a href=\"https:\/\/www.fondazioneconilsud.it\/\">Fondazione con il Sud<\/a>, <a href=\"https:\/\/www.compagniadisanpaolo.it\/it\/\">Fondazione Compagnia di San Paolo<\/a>, <a href=\"https:\/\/www.fondazionecrc.it\/\">Fondazione CRC,<\/a> <a href=\"http:\/\/www.fondosviluppofvg.it\/\">Fondosviluppo FVG Spa<\/a> e <a href=\"https:\/\/www.alleanzacooperative.it\/\">ACI &#8211;\u00a0Alleanza delle Cooperative Italiane<\/a>, ha strutturato un percorso di ricerca con lo scopo di realizzare dei rapporti annuali dedicati a esplorare a fondo questo fenomeno.<br \/>\nIn dettaglio, questo progetto, seguito da un team di ricerca coordinato da Jacopo Sforzi, cercher\u00e0 di individuare quali sono le dinamiche coinvolte nella formazione delle diverse esperienze, il contesto in cui sono nate, le attivit\u00e0 che vengono svolte e le varie forme organizzative adottate. Lo far\u00e0 con una ricerca su scala nazionale ed internazionale, sfruttando sia dati gi\u00e0 disponibili sia scoprendo e coinvolgendo nuove realt\u00e0 spesso note solo a livello locale. Inoltre, insieme alle esperienze studiate e ai sostenitori del progetto, saranno individuate le risorse e le strategie che sono necessarie per rendere sostenibili queste forme di imprenditorialit\u00e0 comunitaria.<\/p>\n<p>&nbsp;<\/p>\n<h5><strong>Obiettivi<\/strong><\/h5>\n<p><span style=\"font-weight: 400;\">Rispetto ai progetti di ricerca e policy gi\u00e0 esistenti, \u201cComunit\u00e0 intraprendenti\u201d si concentra sugli elementi distintivi e\u00a0tiene in considerazione non solo imprese e cooperative di comunit\u00e0, ma anche realt\u00e0 associative e di volontariato, cercando di dare un\u2019interpretazione scientifica del fenomeno che va oltre il racconto e la narrazione delle <em>best practices<\/em>.<\/span><\/p>\n<p>A supporto dello studio \u00e8 disponibile anche una <a href=\"https:\/\/www.facebook.com\/comunitaintraprendenti\/\" target=\"_blank\" rel=\"noopener noreferrer\" data-cke-saved-href=\"https:\/\/www.facebook.com\/comunitaintraprendenti\/\">pagina Facebook dedicata<\/a>\u00a0che\u00a0sar\u00e0 una vetrina dove poter ritrovare storie, fotografie e video che parlano di Comunit\u00e0 Intraprendenti e dove verranno raccontati\u00a0i diversi luoghi ma anche i diversi ambiti in cui questi modelli imprenditoriali si sviluppano.<\/p>\n<hr \/>\n<h5><strong>PODCAST INTRAPRENDENTI<\/strong><\/h5>\n<p><img loading=\"lazy\" decoding=\"async\" class=\"wp-image-14436 aligncenter\" src=\"https:\/\/euricse.eu\/wp-content\/uploads\/2022\/01\/Podcast_Intraprendenti_logo-300x300.jpg\" alt=\"\" width=\"182\" height=\"182\" srcset=\"https:\/\/euricse.eu\/wp-content\/uploads\/2022\/01\/Podcast_Intraprendenti_logo-300x300.jpg 300w, https:\/\/euricse.eu\/wp-content\/uploads\/2022\/01\/Podcast_Intraprendenti_logo-400x400.jpg 400w, https:\/\/euricse.eu\/wp-content\/uploads\/2022\/01\/Podcast_Intraprendenti_logo.jpg 500w\" sizes=\"auto, (max-width: 182px) 100vw, 182px\" \/><\/p>\n<p>Ci sono cinque storie di resilienza al centro della prima serie di \u201c<strong>Podcast intraprendenti<\/strong>\u201d, l\u2019iniziativa di comunicazione lanciata da Euricse realizzata in collaborazione con la cooperativa Mercurio nell\u2019ambito della ricerca \u201cComunit\u00e0 intraprendenti\u201d.<\/p>\n<p>Ogni due settimane per due mesi, i protagonisti delle esperienze di attivismo civico, nate per rispondere ai bisogni del territorio, racconteranno la genesi e lo sviluppo delle loro \u201ccomunit\u00e0 intraprendenti\u201d, focalizzandosi anche sugli aspetti che hanno facilitato la crescita dell\u2019iniziativa e sulla riorganizzazione imposta dalla pandemia. Ad accompagnarli c\u2019\u00e8 la voce di un esperto per inquadrare i tratti distintivi di queste realt\u00e0, mentre ogni podcast \u00e8 introdotto dai ricercatori Euricse Jacopo Sforzi e Cristina Burini.<\/p>\n<p>&nbsp;<\/p>\n<p>La <strong>prima puntata<\/strong> della serie Podcast Intraprendenti \u00e8 dedicata a \u201c<strong>Spaccio Cultura \u2013 Porta Palazzo<\/strong>\u201d di Torino e al tema delle relazioni. Ne parliamo con Camilla Munno, referente del progetto e con Antonio Damasco, direttore Rete Italiana di Cultura Popolare.<\/p>\n<iframe loading=\"lazy\" src=\"https:\/\/widget.spreaker.com\/player?episode_id=44602999&amp;theme=light&amp;playlist=false&amp;playlist-continuous=false&amp;chapters-image=true&amp;episode_image_position=right&amp;hide-likes=false&amp;hide-comments=false&amp;hide-sharing=false&amp;hide-logo=false&amp;hide-download=true\" width=\"100%\" height=\"200px\" frameborder=\"0\"><\/iframe>\n<p><span style=\"color: #ffffff;\">_<\/span><\/p>\n<p>La<strong> seconda puntata<\/strong> \u00e8 dedicata all&#8217;<strong>emporio solidale di Duevill<\/strong>e (Vicenza) e al <strong>tema della solidariet\u00e0.<\/strong> Ne parliamo con Maria Rita Dal Molin, coordinatrice del CSV Vicenza, e con Chiara Tommasini, vicepresidente CSVnet e presidente del CSV di Verona<\/p>\n<iframe loading=\"lazy\" src=\"https:\/\/widget.spreaker.com\/player?show_id=4892321&amp;theme=light&amp;playlist=false&amp;playlist-continuous=false&amp;chapters-image=true&amp;episode_image_position=right&amp;hide-likes=false&amp;hide-comments=false&amp;hide-sharing=false&amp;hide-logo=false&amp;hide-download=true\" width=\"100%\" height=\"200px\" frameborder=\"0\"><\/iframe>\n<p><span style=\"color: #ffffff;\">_<\/span><\/p>\n<p>La <strong>terza puntata<\/strong> \u00e8 dedicata al<strong> community creative hub &#8220;INstabile Portazza&#8221; di Bologna<\/strong> e al tema dell&#8217;immaginazione. Ne parliamo con Annalaura Ciampi, urban regeneration designer, Paolo Bastia, uno dei fondatori del community hub, Donato di Memmo, responsabile ufficio Terzo settore e cittadinanza attiva del Comune di Bologna e Michele D&#8217;Alena, responsabile ufficio di immaginazione civica della Fondazione Innovazione Urbana.<\/p>\n<iframe loading=\"lazy\" src=\"https:\/\/widget.spreaker.com\/player?episode_id=45105378&amp;theme=light&amp;playlist=false&amp;playlist-continuous=false&amp;chapters-image=true&amp;episode_image_position=right&amp;hide-likes=false&amp;hide-comments=false&amp;hide-sharing=false&amp;hide-logo=false&amp;hide-download=true\" width=\"100%\" height=\"200px\" frameborder=\"0\"><\/iframe>\n<p>&nbsp;<\/p>\n<p>La <strong>quarta puntata<\/strong> della serie Podcast Intraprendenti \u00e8 dedicata alla <strong>cooperativa di comunit\u00e0 &#8220;Identit\u00e0 e bellezza&#8221;\u00a0di Sciacca<\/strong> e al tema della bellezza. Ne parliamo con Emilio Casalini, direttore creativo della cooperativa di comunit\u00e0 &#8220;Identit\u00e0 e bellezza&#8221; e con Sabrina Pedrini, docente dell&#8217;Universit\u00e0 di Bologna.<\/p>\n<iframe loading=\"lazy\" src=\"https:\/\/widget.spreaker.com\/player?episode_id=45291048&amp;theme=light&amp;playlist=false&amp;playlist-continuous=false&amp;chapters-image=true&amp;episode_image_position=right&amp;hide-likes=false&amp;hide-comments=false&amp;hide-sharing=false&amp;hide-logo=false&amp;hide-download=true\" width=\"100%\" height=\"200px\" frameborder=\"0\"><\/iframe>\n<p>&nbsp;<\/p>\n<p><strong><em>Come si riconosce una comunit\u00e0 intraprendente?<\/em><\/strong><\/p>\n<p>Sono almeno tre gli aspetti fondamentali da dover valutare per essere considerati un modello comunitario intraprendente. Quali sono?<\/p>\n<ul>\n<li><strong>Auto-organizzazione<\/strong> | La realt\u00e0 \u00e8 il frutto di un processo di auto-organizzazione della comunit\u00e0?<\/li>\n<li><strong>Beneficio comunitario<\/strong> | Le attivit\u00e0 sono orientate a migliorare la sostenibilit\u00e0 sociale ed economica della comunit\u00e0 di appartenenza?<\/li>\n<li><strong>Partecipazione comunitaria<\/strong> | A chi si rivolgono le attivit\u00e0? Viene promosso e stimolato il coinvolgimento attivo dei membri della comunit\u00e0 all\u2019interno dell&#8217;organizzazione e\/o nella realizzazione delle attivit\u00e0?<\/li>\n<\/ul>\n<p>Se la tua comunit\u00e0 possiede tutti e tre i requisiti allora abbiamo bisogno di te!<\/p>\n<p>Attenzione!<br \/>\nVuoi far conoscere la tua comunit\u00e0 intraprendente ed essere coinvolto nella nostra ricerca? Compila il nostro <a href=\"https:\/\/forms.gle\/s7Q4YEiR5vpx2CZg9\">questionario<\/a>, con poche semplici risposte potrai essere parte attiva di questo percorso.<\/p>\n<p>Potrai anche scrivere a comunitaintraprendenti@euricse.eu per ogni dubbio, segnalazione o informazione; verrai poi ricontattato dai nostri ricercatori.<\/p>\n<p><a href=\"https:\/\/euricse.eu\/wp-content\/uploads\/2020\/10\/loghi_partner_CI.png\"><img loading=\"lazy\" decoding=\"async\" class=\"aligncenter wp-image-11300 size-large\" src=\"https:\/\/euricse.eu\/wp-content\/uploads\/2020\/10\/loghi_partner_CI-1024x244.png\" alt=\"\" width=\"1024\" height=\"244\" srcset=\"https:\/\/euricse.eu\/wp-content\/uploads\/2020\/10\/loghi_partner_CI-1024x244.png 1024w, https:\/\/euricse.eu\/wp-content\/uploads\/2020\/10\/loghi_partner_CI-300x72.png 300w, https:\/\/euricse.eu\/wp-content\/uploads\/2020\/10\/loghi_partner_CI-670x160.png 670w, https:\/\/euricse.eu\/wp-content\/uploads\/2020\/10\/loghi_partner_CI-768x183.png 768w, https:\/\/euricse.eu\/wp-content\/uploads\/2020\/10\/loghi_partner_CI.png 1509w\" sizes=\"auto, (max-width: 1024px) 100vw, 1024px\" \/><\/a><\/p>\n","protected":false},"excerpt":{"rendered":"<p>Le comunit\u00e0 intraprendenti, formatesi nell\u2019ambito di differenti modelli di sviluppo locale, sono un fenomeno tipico dell\u2019industrializzazione italiana: basti pensare al modello cooperativo e a quello dei distretti industriali, ai cluster urbani di piccole e medie imprese e alle reti d\u2019impresa. La capacit\u00e0 delle comunit\u00e0 locali di auto-organizzarsi \u00e8 tornata recentemente di attualit\u00e0 in seguito alla [&hellip;]<\/p>\n","protected":false},"author":32,"featured_media":0,"parent":0,"comment_status":"closed","ping_status":"closed","template":"","meta":{"_acf_changed":false,"episode_type":"","audio_file":"","cover_image":"","cover_image_id":"","duration":"","filesize":"","date_recorded":"","explicit":"","block":"","itunes_episode_number":"","itunes_title":"","itunes_season_number":"","itunes_episode_type":"","filesize_raw":"","footnotes":""},"tags":[],"class_list":["post-13522","research_projects","type-research_projects","status-publish","hentry"],"acf":[],"yoast_head":"<!-- This site is optimized with the Yoast SEO plugin v26.1.1 - https:\/\/yoast.com\/wordpress\/plugins\/seo\/ -->\n<title>Comunit\u00e0 Intraprendenti - Euricse<\/title>\n<meta name=\"robots\" content=\"index, follow, max-snippet:-1, max-image-preview:large, max-video-preview:-1\" \/>\n<link rel=\"canonical\" href=\"https:\/\/euricse.eu\/it\/research_projects\/comunita-intraprendenti-2\/\" \/>\n<meta property=\"og:locale\" content=\"it_IT\" \/>\n<meta property=\"og:type\" content=\"article\" \/>\n<meta property=\"og:title\" content=\"Comunit\u00e0 Intraprendenti - Euricse\" \/>\n<meta property=\"og:description\" content=\"Le comunit\u00e0 intraprendenti, formatesi nell\u2019ambito di differenti modelli di sviluppo locale, sono un fenomeno tipico dell\u2019industrializzazione italiana: basti pensare al modello cooperativo e a quello dei distretti industriali, ai cluster urbani di piccole e medie imprese e alle reti d\u2019impresa. La capacit\u00e0 delle comunit\u00e0 locali di auto-organizzarsi \u00e8 tornata recentemente di attualit\u00e0 in seguito alla [&hellip;]\" \/>\n<meta property=\"og:url\" content=\"https:\/\/euricse.eu\/it\/research_projects\/comunita-intraprendenti-2\/\" \/>\n<meta property=\"og:site_name\" content=\"Euricse\" \/>\n<meta property=\"article:modified_time\" content=\"2022-04-04T15:20:23+00:00\" \/>\n<meta property=\"og:image\" content=\"https:\/\/euricse.eu\/wp-content\/uploads\/2022\/01\/Comunita_Intraprendenti_logo-1-300x132.jpg\" \/>\n<meta name=\"twitter:card\" content=\"summary_large_image\" \/>\n<meta name=\"twitter:label1\" content=\"Tempo di lettura stimato\" \/>\n\t<meta name=\"twitter:data1\" content=\"5 minuti\" \/>\n<script type=\"application\/ld+json\" class=\"yoast-schema-graph\">{\"@context\":\"https:\/\/schema.org\",\"@graph\":[{\"@type\":\"WebPage\",\"@id\":\"https:\/\/euricse.eu\/it\/research_projects\/comunita-intraprendenti-2\/\",\"url\":\"https:\/\/euricse.eu\/it\/research_projects\/comunita-intraprendenti-2\/\",\"name\":\"Comunit\u00e0 Intraprendenti - Euricse\",\"isPartOf\":{\"@id\":\"https:\/\/euricse.eu\/en\/#website\"},\"primaryImageOfPage\":{\"@id\":\"https:\/\/euricse.eu\/it\/research_projects\/comunita-intraprendenti-2\/#primaryimage\"},\"image\":{\"@id\":\"https:\/\/euricse.eu\/it\/research_projects\/comunita-intraprendenti-2\/#primaryimage\"},\"thumbnailUrl\":\"https:\/\/euricse.eu\/wp-content\/uploads\/2022\/01\/Comunita_Intraprendenti_logo-1-300x132.jpg\",\"datePublished\":\"2022-01-20T16:34:22+00:00\",\"dateModified\":\"2022-04-04T15:20:23+00:00\",\"breadcrumb\":{\"@id\":\"https:\/\/euricse.eu\/it\/research_projects\/comunita-intraprendenti-2\/#breadcrumb\"},\"inLanguage\":\"it-IT\",\"potentialAction\":[{\"@type\":\"ReadAction\",\"target\":[\"https:\/\/euricse.eu\/it\/research_projects\/comunita-intraprendenti-2\/\"]}]},{\"@type\":\"ImageObject\",\"inLanguage\":\"it-IT\",\"@id\":\"https:\/\/euricse.eu\/it\/research_projects\/comunita-intraprendenti-2\/#primaryimage\",\"url\":\"https:\/\/euricse.eu\/wp-content\/uploads\/2022\/01\/Comunita_Intraprendenti_logo-1-300x132.jpg\",\"contentUrl\":\"https:\/\/euricse.eu\/wp-content\/uploads\/2022\/01\/Comunita_Intraprendenti_logo-1-300x132.jpg\"},{\"@type\":\"BreadcrumbList\",\"@id\":\"https:\/\/euricse.eu\/it\/research_projects\/comunita-intraprendenti-2\/#breadcrumb\",\"itemListElement\":[{\"@type\":\"ListItem\",\"position\":1,\"name\":\"Home\",\"item\":\"https:\/\/euricse.eu\/it\/\"},{\"@type\":\"ListItem\",\"position\":2,\"name\":\"Progetti di ricerca\",\"item\":\"https:\/\/euricse.eu\/it\/research_projects\/\"},{\"@type\":\"ListItem\",\"position\":3,\"name\":\"Comunit\u00e0 Intraprendenti\"}]},{\"@type\":\"WebSite\",\"@id\":\"https:\/\/euricse.eu\/en\/#website\",\"url\":\"https:\/\/euricse.eu\/en\/\",\"name\":\"Euricse\",\"description\":\"Knowledge and innovation for cooperative and social enterprises.\",\"potentialAction\":[{\"@type\":\"SearchAction\",\"target\":{\"@type\":\"EntryPoint\",\"urlTemplate\":\"https:\/\/euricse.eu\/en\/?s={search_term_string}\"},\"query-input\":{\"@type\":\"PropertyValueSpecification\",\"valueRequired\":true,\"valueName\":\"search_term_string\"}}],\"inLanguage\":\"it-IT\"}]}<\/script>\n<!-- \/ Yoast SEO plugin. -->","yoast_head_json":{"title":"Comunit\u00e0 Intraprendenti - Euricse","robots":{"index":"index","follow":"follow","max-snippet":"max-snippet:-1","max-image-preview":"max-image-preview:large","max-video-preview":"max-video-preview:-1"},"canonical":"https:\/\/euricse.eu\/it\/research_projects\/comunita-intraprendenti-2\/","og_locale":"it_IT","og_type":"article","og_title":"Comunit\u00e0 Intraprendenti - Euricse","og_description":"Le comunit\u00e0 intraprendenti, formatesi nell\u2019ambito di differenti modelli di sviluppo locale, sono un fenomeno tipico dell\u2019industrializzazione italiana: basti pensare al modello cooperativo e a quello dei distretti industriali, ai cluster urbani di piccole e medie imprese e alle reti d\u2019impresa. La capacit\u00e0 delle comunit\u00e0 locali di auto-organizzarsi \u00e8 tornata recentemente di attualit\u00e0 in seguito alla [&hellip;]","og_url":"https:\/\/euricse.eu\/it\/research_projects\/comunita-intraprendenti-2\/","og_site_name":"Euricse","article_modified_time":"2022-04-04T15:20:23+00:00","og_image":[{"url":"https:\/\/euricse.eu\/wp-content\/uploads\/2022\/01\/Comunita_Intraprendenti_logo-1-300x132.jpg","type":"","width":"","height":""}],"twitter_card":"summary_large_image","twitter_misc":{"Tempo di lettura stimato":"5 minuti"},"schema":{"@context":"https:\/\/schema.org","@graph":[{"@type":"WebPage","@id":"https:\/\/euricse.eu\/it\/research_projects\/comunita-intraprendenti-2\/","url":"https:\/\/euricse.eu\/it\/research_projects\/comunita-intraprendenti-2\/","name":"Comunit\u00e0 Intraprendenti - Euricse","isPartOf":{"@id":"https:\/\/euricse.eu\/en\/#website"},"primaryImageOfPage":{"@id":"https:\/\/euricse.eu\/it\/research_projects\/comunita-intraprendenti-2\/#primaryimage"},"image":{"@id":"https:\/\/euricse.eu\/it\/research_projects\/comunita-intraprendenti-2\/#primaryimage"},"thumbnailUrl":"https:\/\/euricse.eu\/wp-content\/uploads\/2022\/01\/Comunita_Intraprendenti_logo-1-300x132.jpg","datePublished":"2022-01-20T16:34:22+00:00","dateModified":"2022-04-04T15:20:23+00:00","breadcrumb":{"@id":"https:\/\/euricse.eu\/it\/research_projects\/comunita-intraprendenti-2\/#breadcrumb"},"inLanguage":"it-IT","potentialAction":[{"@type":"ReadAction","target":["https:\/\/euricse.eu\/it\/research_projects\/comunita-intraprendenti-2\/"]}]},{"@type":"ImageObject","inLanguage":"it-IT","@id":"https:\/\/euricse.eu\/it\/research_projects\/comunita-intraprendenti-2\/#primaryimage","url":"https:\/\/euricse.eu\/wp-content\/uploads\/2022\/01\/Comunita_Intraprendenti_logo-1-300x132.jpg","contentUrl":"https:\/\/euricse.eu\/wp-content\/uploads\/2022\/01\/Comunita_Intraprendenti_logo-1-300x132.jpg"},{"@type":"BreadcrumbList","@id":"https:\/\/euricse.eu\/it\/research_projects\/comunita-intraprendenti-2\/#breadcrumb","itemListElement":[{"@type":"ListItem","position":1,"name":"Home","item":"https:\/\/euricse.eu\/it\/"},{"@type":"ListItem","position":2,"name":"Progetti di ricerca","item":"https:\/\/euricse.eu\/it\/research_projects\/"},{"@type":"ListItem","position":3,"name":"Comunit\u00e0 Intraprendenti"}]},{"@type":"WebSite","@id":"https:\/\/euricse.eu\/en\/#website","url":"https:\/\/euricse.eu\/en\/","name":"Euricse","description":"Knowledge and innovation for cooperative and social enterprises.","potentialAction":[{"@type":"SearchAction","target":{"@type":"EntryPoint","urlTemplate":"https:\/\/euricse.eu\/en\/?s={search_term_string}"},"query-input":{"@type":"PropertyValueSpecification","valueRequired":true,"valueName":"search_term_string"}}],"inLanguage":"it-IT"}]}},"_links":{"self":[{"href":"https:\/\/euricse.eu\/it\/wp-json\/wp\/v2\/research_projects\/13522","targetHints":{"allow":["GET"]}}],"collection":[{"href":"https:\/\/euricse.eu\/it\/wp-json\/wp\/v2\/research_projects"}],"about":[{"href":"https:\/\/euricse.eu\/it\/wp-json\/wp\/v2\/types\/research_projects"}],"author":[{"embeddable":true,"href":"https:\/\/euricse.eu\/it\/wp-json\/wp\/v2\/users\/32"}],"replies":[{"embeddable":true,"href":"https:\/\/euricse.eu\/it\/wp-json\/wp\/v2\/comments?post=13522"}],"version-history":[{"count":0,"href":"https:\/\/euricse.eu\/it\/wp-json\/wp\/v2\/research_projects\/13522\/revisions"}],"wp:attachment":[{"href":"https:\/\/euricse.eu\/it\/wp-json\/wp\/v2\/media?parent=13522"}],"wp:term":[{"taxonomy":"post_tag","embeddable":true,"href":"https:\/\/euricse.eu\/it\/wp-json\/wp\/v2\/tags?post=13522"}],"curies":[{"name":"wp","href":"https:\/\/api.w.org\/{rel}","templated":true}]}}